{"id":474,"date":"2024-10-31T15:37:21","date_gmt":"2024-10-31T20:37:21","guid":{"rendered":"https:\/\/alcaldiasanmiguelito.gob.pa\/news\/"},"modified":"2025-11-07T09:17:45","modified_gmt":"2025-11-07T14:17:45","slug":"noticias","status":"publish","type":"page","link":"https:\/\/alcaldiasanmiguelito.gob.pa\/?page_id=474","title":{"rendered":"Noticias"},"content":{"rendered":"\n<p class=\"gutenify-section-1d7fdd50-a90e-11ef-992a-b5bc6d923783\"><\/p>\n\n\n\n<div data-id=\"d68b6aec\" class=\"wp-block-blocksy-query gutenify-section-6e47cbd0-a90e-11ef-992a-b5bc6d923783\" style=\"margin-bottom:var(--wp--preset--spacing--70)\"><div class=\"ct-query-template-grid\"><article class=\"wp-block-post is-layout-flow post-2809 post type-post status-publish format-standard has-post-thumbnail hentry category-29 tag-alcaldia-de-san-miguelito tag-convivencia-familiar tag-desfile-de-navidad-2025-san-miguelito-alcaldia-de-san-miguelito-via-transistmica-convivencia-familiar-tradicion-navidena-2 tag-san-miguelito\">\n\n<div class=\"wp-block-group gutenify-section-6e5cb360-a90e-11ef-992a-b5bc6d923783 is-vertical is-content-justification-left is-layout-flex wp-container-core-group-is-layout-2290e706 wp-block-group-is-layout-flex\" style=\"min-height:100%\"><a style=\"margin-bottom:0;\" class=\"ct-dynamic-media wp-elements-21d0b13190562cf93aaf16cc9c95ac6c wp-elements-19af543901c7011f97a81cb7fd88cbb2\" aria-label=\"SAN MIGUELITO CELEBR\u00d3 EL DESFILE DE NAVIDAD 2025 CON ALEGR\u00cdA Y SANA CONVIVENCIA\" href=\"https:\/\/alcaldiasanmiguelito.gob.pa\/?p=2809\"><span data-hover=\"zoom-in\" class=\"ct-dynamic-media-inner\" style=\"border-radius:10px;\"><img decoding=\"async\" width=\"1153\" height=\"1154\" src=\"https:\/\/alcaldiasanmiguelito.gob.pa\/wp-content\/uploads\/2025\/12\/DSC01061-e1767015815509.jpg\" class=\"attachment-full size-full\" alt=\"\" style=\"width:100%;height:100%;object-fit: cover;\" srcset=\"https:\/\/alcaldiasanmiguelito.gob.pa\/wp-content\/uploads\/2025\/12\/DSC01061-e1767015815509.jpg 1153w, https:\/\/alcaldiasanmiguelito.gob.pa\/wp-content\/uploads\/2025\/12\/DSC01061-e1767015815509-300x300.jpg 300w, https:\/\/alcaldiasanmiguelito.gob.pa\/wp-content\/uploads\/2025\/12\/DSC01061-e1767015815509-1024x1024.jpg 1024w, https:\/\/alcaldiasanmiguelito.gob.pa\/wp-content\/uploads\/2025\/12\/DSC01061-e1767015815509-150x150.jpg 150w, https:\/\/alcaldiasanmiguelito.gob.pa\/wp-content\/uploads\/2025\/12\/DSC01061-e1767015815509-768x769.jpg 768w\" sizes=\"(max-width: 1153px) 100vw, 1153px\" \/><\/span><\/a>\n\n\n<div class=\"wp-block-group gutenify-section-6e5ba1f0-a90e-11ef-992a-b5bc6d923783 has-palette-color-8-background-color has-background wp-container-content-9cfa9a5a is-layout-constrained wp-block-group-is-layout-constrained\" style=\"min-height:100%\"><h2 style=\"font-size:clamp(14px, 0.875rem + ((1vw - 3.2px) * 0.313), 18px);\" class=\"ct-dynamic-data wp-elements-6de8dfe40f95c231b17cf5beeb473da3\"><a href=\"https:\/\/alcaldiasanmiguelito.gob.pa\/?p=2809\">SAN MIGUELITO CELEBR\u00d3 EL DESFILE DE NAVIDAD 2025 CON ALEGR\u00cdA Y SANA CONVIVENCIA<\/a><\/h2>\n\n<div style=\"font-style:normal;font-weight:500;text-transform:uppercase;\" class=\"ct-dynamic-data wp-elements-68e6182a7abdc44a03bc7713aff1213f has-small-font-size\">21\/12\/2025<\/div>\n\n<div class=\"ct-dynamic-data wp-elements-75c3acab3cff5557061d009d04e39255\"><p>San Miguelito, 21 de diciembre de 2025.&nbsp; El distrito de San Miguelito se llen\u00f3 de luces, m\u00fasica y esp\u00edritu navide\u00f1o\u2026<\/p>\n<\/div><\/div>\n<\/div>\n\n<\/article><article class=\"wp-block-post is-layout-flow post-2792 post type-post status-publish format-standard has-post-thumbnail hentry category-29 tag-alcaldia-de-san-miguelito tag-cultura-y-familia tag-encendido-del-arbol tag-los-andes tag-navidad\">\n\n<div class=\"wp-block-group gutenify-section-6e5cb360-a90e-11ef-992a-b5bc6d923783 is-vertical is-content-justification-left is-layout-flex wp-container-core-group-is-layout-2290e706 wp-block-group-is-layout-flex\" style=\"min-height:100%\"><a style=\"margin-bottom:0;\" class=\"ct-dynamic-media wp-elements-21d0b13190562cf93aaf16cc9c95ac6c wp-elements-19af543901c7011f97a81cb7fd88cbb2\" aria-label=\"INICIA LA NAVIDAD EN EL DISTRITO DE SAN MIGUELITO CON EL ENCENDIDO DEL ABROLITO EN LOS ANDES\" href=\"https:\/\/alcaldiasanmiguelito.gob.pa\/?p=2792\"><span data-hover=\"zoom-in\" class=\"ct-dynamic-media-inner\" style=\"border-radius:10px;\"><img decoding=\"async\" width=\"2048\" height=\"1365\" src=\"https:\/\/alcaldiasanmiguelito.gob.pa\/wp-content\/uploads\/2025\/12\/FUJI4263.jpg\" class=\"attachment-full size-full\" alt=\"\" style=\"width:100%;height:100%;object-fit: cover;\" srcset=\"https:\/\/alcaldiasanmiguelito.gob.pa\/wp-content\/uploads\/2025\/12\/FUJI4263.jpg 2048w, https:\/\/alcaldiasanmiguelito.gob.pa\/wp-content\/uploads\/2025\/12\/FUJI4263-300x200.jpg 300w, https:\/\/alcaldiasanmiguelito.gob.pa\/wp-content\/uploads\/2025\/12\/FUJI4263-1024x683.jpg 1024w, https:\/\/alcaldiasanmiguelito.gob.pa\/wp-content\/uploads\/2025\/12\/FUJI4263-768x512.jpg 768w, https:\/\/alcaldiasanmiguelito.gob.pa\/wp-content\/uploads\/2025\/12\/FUJI4263-1536x1024.jpg 1536w\" sizes=\"(max-width: 2048px) 100vw, 2048px\" \/><\/span><\/a>\n\n\n<div class=\"wp-block-group gutenify-section-6e5ba1f0-a90e-11ef-992a-b5bc6d923783 has-palette-color-8-background-color has-background wp-container-content-9cfa9a5a is-layout-constrained wp-block-group-is-layout-constrained\" style=\"min-height:100%\"><h2 style=\"font-size:clamp(14px, 0.875rem + ((1vw - 3.2px) * 0.313), 18px);\" class=\"ct-dynamic-data wp-elements-6de8dfe40f95c231b17cf5beeb473da3\"><a href=\"https:\/\/alcaldiasanmiguelito.gob.pa\/?p=2792\">INICIA LA NAVIDAD EN EL DISTRITO DE SAN MIGUELITO CON EL ENCENDIDO DEL ABROLITO EN LOS ANDES<\/a><\/h2>\n\n<div style=\"font-style:normal;font-weight:500;text-transform:uppercase;\" class=\"ct-dynamic-data wp-elements-68e6182a7abdc44a03bc7713aff1213f has-small-font-size\">11\/12\/2025<\/div>\n\n<div class=\"ct-dynamic-data wp-elements-75c3acab3cff5557061d009d04e39255\"><p>San\u00a0Miguelito,\u00a011\u00a0de\u00a0diciembre\u00a0de 2025.\u00a0\u00a0 La Alcald\u00eda de San Miguelito realiz\u00f3 con \u00e9xito el encendido del \u00e1rbol de Navidad en el sector de\u2026<\/p>\n<\/div><\/div>\n<\/div>\n\n<\/article><article class=\"wp-block-post is-layout-flow post-2779 post type-post status-publish format-standard has-post-thumbnail hentry category-29 tag-academia-de-futsal tag-alcaldia-de-san-miguelito tag-cancha-renovada tag-deporte-juvenil tag-formacion-deportiva tag-nestle-2 tag-san-miguelito tag-santa-librada\">\n\n<div class=\"wp-block-group gutenify-section-6e5cb360-a90e-11ef-992a-b5bc6d923783 is-vertical is-content-justification-left is-layout-flex wp-container-core-group-is-layout-2290e706 wp-block-group-is-layout-flex\" style=\"min-height:100%\"><a style=\"margin-bottom:0;\" class=\"ct-dynamic-media wp-elements-21d0b13190562cf93aaf16cc9c95ac6c wp-elements-19af543901c7011f97a81cb7fd88cbb2\" aria-label=\"SAN MIGUELITO INAUGURA SU PRIMERA ACADEMIA DE FUTSAL GRATUITA EN SANTA LIBRADA\u00a0\" href=\"https:\/\/alcaldiasanmiguelito.gob.pa\/?p=2779\"><span data-hover=\"zoom-in\" class=\"ct-dynamic-media-inner\" style=\"border-radius:10px;\"><img decoding=\"async\" width=\"2048\" height=\"1365\" src=\"https:\/\/alcaldiasanmiguelito.gob.pa\/wp-content\/uploads\/2025\/12\/FUJI1081.jpg\" class=\"attachment-full size-full\" alt=\"\" style=\"width:100%;height:100%;object-fit: cover;\" srcset=\"https:\/\/alcaldiasanmiguelito.gob.pa\/wp-content\/uploads\/2025\/12\/FUJI1081.jpg 2048w, https:\/\/alcaldiasanmiguelito.gob.pa\/wp-content\/uploads\/2025\/12\/FUJI1081-300x200.jpg 300w, https:\/\/alcaldiasanmiguelito.gob.pa\/wp-content\/uploads\/2025\/12\/FUJI1081-1024x683.jpg 1024w, https:\/\/alcaldiasanmiguelito.gob.pa\/wp-content\/uploads\/2025\/12\/FUJI1081-768x512.jpg 768w, https:\/\/alcaldiasanmiguelito.gob.pa\/wp-content\/uploads\/2025\/12\/FUJI1081-1536x1024.jpg 1536w\" sizes=\"(max-width: 2048px) 100vw, 2048px\" \/><\/span><\/a>\n\n\n<div class=\"wp-block-group gutenify-section-6e5ba1f0-a90e-11ef-992a-b5bc6d923783 has-palette-color-8-background-color has-background wp-container-content-9cfa9a5a is-layout-constrained wp-block-group-is-layout-constrained\" style=\"min-height:100%\"><h2 style=\"font-size:clamp(14px, 0.875rem + ((1vw - 3.2px) * 0.313), 18px);\" class=\"ct-dynamic-data wp-elements-6de8dfe40f95c231b17cf5beeb473da3\"><a href=\"https:\/\/alcaldiasanmiguelito.gob.pa\/?p=2779\">SAN MIGUELITO INAUGURA SU PRIMERA ACADEMIA DE FUTSAL GRATUITA EN SANTA LIBRADA\u00a0<\/a><\/h2>\n\n<div style=\"font-style:normal;font-weight:500;text-transform:uppercase;\" class=\"ct-dynamic-data wp-elements-68e6182a7abdc44a03bc7713aff1213f has-small-font-size\">19\/11\/2025<\/div>\n\n<div class=\"ct-dynamic-data wp-elements-75c3acab3cff5557061d009d04e39255\"><p>San\u00a0Miguelito,\u00a019\u00a0de\u00a0noviembre\u00a0de 2025.\u00a0\u00a0 La Alcald\u00eda de San Miguelito inaugur\u00f3 la&nbsp;primera Academia de Futsal del distrito, un proyecto gratuito dirigido a ni\u00f1os\u2026<\/p>\n<\/div><\/div>\n<\/div>\n\n<\/article><article class=\"wp-block-post is-layout-flow post-2754 post type-post status-publish format-standard has-post-thumbnail hentry category-29 tag-alcaldia-de-san-miguelito tag-distrito-de-san-migelito tag-metromall tag-san-miguelito\">\n\n<div class=\"wp-block-group gutenify-section-6e5cb360-a90e-11ef-992a-b5bc6d923783 is-vertical is-content-justification-left is-layout-flex wp-container-core-group-is-layout-2290e706 wp-block-group-is-layout-flex\" style=\"min-height:100%\"><a style=\"margin-bottom:0;\" class=\"ct-dynamic-media wp-elements-21d0b13190562cf93aaf16cc9c95ac6c wp-elements-19af543901c7011f97a81cb7fd88cbb2\" aria-label=\"ALCALD\u00cdA DE SAN MIGUELITO INAUGURA NUEVA SUCURSAL DE ATENCI\u00d3N AL CONTRIBUYENTE EN METROMALL.\" href=\"https:\/\/alcaldiasanmiguelito.gob.pa\/?p=2754\"><span data-hover=\"zoom-in\" class=\"ct-dynamic-media-inner\" style=\"border-radius:10px;\"><img decoding=\"async\" width=\"2048\" height=\"1365\" src=\"https:\/\/alcaldiasanmiguelito.gob.pa\/wp-content\/uploads\/2025\/12\/FUJI1330.jpg\" class=\"attachment-full size-full\" alt=\"\" style=\"width:100%;height:100%;object-fit: cover;\" srcset=\"https:\/\/alcaldiasanmiguelito.gob.pa\/wp-content\/uploads\/2025\/12\/FUJI1330.jpg 2048w, https:\/\/alcaldiasanmiguelito.gob.pa\/wp-content\/uploads\/2025\/12\/FUJI1330-300x200.jpg 300w, https:\/\/alcaldiasanmiguelito.gob.pa\/wp-content\/uploads\/2025\/12\/FUJI1330-1024x683.jpg 1024w, https:\/\/alcaldiasanmiguelito.gob.pa\/wp-content\/uploads\/2025\/12\/FUJI1330-768x512.jpg 768w, https:\/\/alcaldiasanmiguelito.gob.pa\/wp-content\/uploads\/2025\/12\/FUJI1330-1536x1024.jpg 1536w\" sizes=\"(max-width: 2048px) 100vw, 2048px\" \/><\/span><\/a>\n\n\n<div class=\"wp-block-group gutenify-section-6e5ba1f0-a90e-11ef-992a-b5bc6d923783 has-palette-color-8-background-color has-background wp-container-content-9cfa9a5a is-layout-constrained wp-block-group-is-layout-constrained\" style=\"min-height:100%\"><h2 style=\"font-size:clamp(14px, 0.875rem + ((1vw - 3.2px) * 0.313), 18px);\" class=\"ct-dynamic-data wp-elements-6de8dfe40f95c231b17cf5beeb473da3\"><a href=\"https:\/\/alcaldiasanmiguelito.gob.pa\/?p=2754\">ALCALD\u00cdA DE SAN MIGUELITO INAUGURA NUEVA SUCURSAL DE ATENCI\u00d3N AL CONTRIBUYENTE EN METROMALL.<\/a><\/h2>\n\n<div style=\"font-style:normal;font-weight:500;text-transform:uppercase;\" class=\"ct-dynamic-data wp-elements-68e6182a7abdc44a03bc7713aff1213f has-small-font-size\">17\/11\/2025<\/div>\n\n<div class=\"ct-dynamic-data wp-elements-75c3acab3cff5557061d009d04e39255\"><p>San&nbsp;Miguelito,&nbsp;17&nbsp;de&nbsp;noviembre&nbsp;de 2025.&nbsp;&nbsp; La Alcald\u00eda de San Miguelito anunci\u00f3 la apertura de su nueva&nbsp;Sucursal de Atenci\u00f3n al Contribuyente&nbsp;ubicada en el centro\u2026<\/p>\n<\/div><\/div>\n<\/div>\n\n<\/article><article class=\"wp-block-post is-layout-flow post-2743 post type-post status-publish format-standard has-post-thumbnail hentry category-29 tag-alcaldia-residuos tag-casa-cultural tag-mision-limpieza tag-san-miguelito tag-tasa-de-aseo tag-transparencia\">\n\n<div class=\"wp-block-group gutenify-section-6e5cb360-a90e-11ef-992a-b5bc6d923783 is-vertical is-content-justification-left is-layout-flex wp-container-core-group-is-layout-2290e706 wp-block-group-is-layout-flex\" style=\"min-height:100%\"><a style=\"margin-bottom:0;\" class=\"ct-dynamic-media wp-elements-21d0b13190562cf93aaf16cc9c95ac6c wp-elements-19af543901c7011f97a81cb7fd88cbb2\" aria-label=\"LANZAMIENTO DE MISION LIMPIEZA\u00a0\u00a0\" href=\"https:\/\/alcaldiasanmiguelito.gob.pa\/?p=2743\"><span data-hover=\"zoom-in\" class=\"ct-dynamic-media-inner\" style=\"border-radius:10px;\"><img decoding=\"async\" width=\"1365\" height=\"2048\" src=\"https:\/\/alcaldiasanmiguelito.gob.pa\/wp-content\/uploads\/2025\/12\/FUJI0564.jpg\" class=\"attachment-full size-full\" alt=\"\" style=\"width:100%;height:100%;object-fit: cover;\" srcset=\"https:\/\/alcaldiasanmiguelito.gob.pa\/wp-content\/uploads\/2025\/12\/FUJI0564.jpg 1365w, https:\/\/alcaldiasanmiguelito.gob.pa\/wp-content\/uploads\/2025\/12\/FUJI0564-200x300.jpg 200w, https:\/\/alcaldiasanmiguelito.gob.pa\/wp-content\/uploads\/2025\/12\/FUJI0564-683x1024.jpg 683w, https:\/\/alcaldiasanmiguelito.gob.pa\/wp-content\/uploads\/2025\/12\/FUJI0564-768x1152.jpg 768w, https:\/\/alcaldiasanmiguelito.gob.pa\/wp-content\/uploads\/2025\/12\/FUJI0564-1024x1536.jpg 1024w\" sizes=\"(max-width: 1365px) 100vw, 1365px\" \/><\/span><\/a>\n\n\n<div class=\"wp-block-group gutenify-section-6e5ba1f0-a90e-11ef-992a-b5bc6d923783 has-palette-color-8-background-color has-background wp-container-content-9cfa9a5a is-layout-constrained wp-block-group-is-layout-constrained\" style=\"min-height:100%\"><h2 style=\"font-size:clamp(14px, 0.875rem + ((1vw - 3.2px) * 0.313), 18px);\" class=\"ct-dynamic-data wp-elements-6de8dfe40f95c231b17cf5beeb473da3\"><a href=\"https:\/\/alcaldiasanmiguelito.gob.pa\/?p=2743\">LANZAMIENTO DE MISION LIMPIEZA\u00a0\u00a0<\/a><\/h2>\n\n<div style=\"font-style:normal;font-weight:500;text-transform:uppercase;\" class=\"ct-dynamic-data wp-elements-68e6182a7abdc44a03bc7713aff1213f has-small-font-size\">17\/11\/2025<\/div>\n\n<div class=\"ct-dynamic-data wp-elements-75c3acab3cff5557061d009d04e39255\"><p>San&nbsp;Miguelito,&nbsp;17&nbsp;de&nbsp;noviembre&nbsp;de 2025.&nbsp;&nbsp; La Alcald\u00eda de San Miguelito en una conferencia de prensa desde la Casa&nbsp;Cultural de las 600&nbsp;el \u201cPlan Limpieza\u201d.&nbsp;Un\u2026<\/p>\n<\/div><\/div>\n<\/div>\n\n<\/article><article class=\"wp-block-post is-layout-flow post-2637 post type-post status-publish format-standard has-post-thumbnail hentry category-29 tag-alcaldia-de-san-miguelito tag-brisas-del-golf tag-desfiles-civicos tag-distrito-de-san-miguelito tag-fiestas-patrias tag-orgullo-nacional tag-san-miguelito\">\n\n<div class=\"wp-block-group gutenify-section-6e5cb360-a90e-11ef-992a-b5bc6d923783 is-vertical is-content-justification-left is-layout-flex wp-container-core-group-is-layout-2290e706 wp-block-group-is-layout-flex\" style=\"min-height:100%\"><a style=\"margin-bottom:0;\" class=\"ct-dynamic-media wp-elements-21d0b13190562cf93aaf16cc9c95ac6c wp-elements-19af543901c7011f97a81cb7fd88cbb2\" aria-label=\"SAN MIGUELITO CELEBRA CON ORGULLO EL GRITO DE INDEPENDENCIA DESDE EL CORREGIMIENTO DE RUFINA ALFARO\u00a0\" href=\"https:\/\/alcaldiasanmiguelito.gob.pa\/?p=2637\"><span data-hover=\"zoom-in\" class=\"ct-dynamic-media-inner\" style=\"border-radius:10px;\"><img decoding=\"async\" width=\"2048\" height=\"1365\" src=\"https:\/\/alcaldiasanmiguelito.gob.pa\/wp-content\/uploads\/2025\/11\/STO0911-4.jpg\" class=\"attachment-full size-full\" alt=\"\" style=\"width:100%;height:100%;object-fit: cover;\" srcset=\"https:\/\/alcaldiasanmiguelito.gob.pa\/wp-content\/uploads\/2025\/11\/STO0911-4.jpg 2048w, https:\/\/alcaldiasanmiguelito.gob.pa\/wp-content\/uploads\/2025\/11\/STO0911-4-300x200.jpg 300w, https:\/\/alcaldiasanmiguelito.gob.pa\/wp-content\/uploads\/2025\/11\/STO0911-4-1024x683.jpg 1024w, https:\/\/alcaldiasanmiguelito.gob.pa\/wp-content\/uploads\/2025\/11\/STO0911-4-768x512.jpg 768w, https:\/\/alcaldiasanmiguelito.gob.pa\/wp-content\/uploads\/2025\/11\/STO0911-4-1536x1024.jpg 1536w\" sizes=\"(max-width: 2048px) 100vw, 2048px\" \/><\/span><\/a>\n\n\n<div class=\"wp-block-group gutenify-section-6e5ba1f0-a90e-11ef-992a-b5bc6d923783 has-palette-color-8-background-color has-background wp-container-content-9cfa9a5a is-layout-constrained wp-block-group-is-layout-constrained\" style=\"min-height:100%\"><h2 style=\"font-size:clamp(14px, 0.875rem + ((1vw - 3.2px) * 0.313), 18px);\" class=\"ct-dynamic-data wp-elements-6de8dfe40f95c231b17cf5beeb473da3\"><a href=\"https:\/\/alcaldiasanmiguelito.gob.pa\/?p=2637\">SAN MIGUELITO CELEBRA CON ORGULLO EL GRITO DE INDEPENDENCIA DESDE EL CORREGIMIENTO DE RUFINA ALFARO\u00a0<\/a><\/h2>\n\n<div style=\"font-style:normal;font-weight:500;text-transform:uppercase;\" class=\"ct-dynamic-data wp-elements-68e6182a7abdc44a03bc7713aff1213f has-small-font-size\">10\/11\/2025<\/div>\n\n<div class=\"ct-dynamic-data wp-elements-75c3acab3cff5557061d009d04e39255\"><p>San Miguelito, 10 de noviembre de 2025.&nbsp;&nbsp; La Alcald\u00eda de San Miguelito particip\u00f3 con entusiasmo en los actos conmemorativos del\u2026<\/p>\n<\/div><\/div>\n<\/div>\n\n<\/article><article class=\"wp-block-post is-layout-flow post-2597 post type-post status-publish format-standard has-post-thumbnail hentry category-29 tag-actos-protocolares tag-alcaldia-de-san-miguelito tag-desfiles-civicos tag-distrito-de-san-miguelito tag-fiestas-patrias tag-orgullo-nacional tag-san-miguelito\">\n\n<div class=\"wp-block-group gutenify-section-6e5cb360-a90e-11ef-992a-b5bc6d923783 is-vertical is-content-justification-left is-layout-flex wp-container-core-group-is-layout-2290e706 wp-block-group-is-layout-flex\" style=\"min-height:100%\"><a style=\"margin-bottom:0;\" class=\"ct-dynamic-media wp-elements-21d0b13190562cf93aaf16cc9c95ac6c wp-elements-19af543901c7011f97a81cb7fd88cbb2\" aria-label=\"SAN MIGUELITO CELEBR\u00d3 CON ORGULLO LAS FIESTAS PATRIAS 2025\u00a0\" href=\"https:\/\/alcaldiasanmiguelito.gob.pa\/?p=2597\"><span data-hover=\"zoom-in\" class=\"ct-dynamic-media-inner\" style=\"border-radius:10px;\"><img decoding=\"async\" width=\"1365\" height=\"2048\" src=\"https:\/\/alcaldiasanmiguelito.gob.pa\/wp-content\/uploads\/2025\/11\/STO9279.jpg\" class=\"attachment-full size-full\" alt=\"\" style=\"width:100%;height:100%;object-fit: cover;\" srcset=\"https:\/\/alcaldiasanmiguelito.gob.pa\/wp-content\/uploads\/2025\/11\/STO9279.jpg 1365w, https:\/\/alcaldiasanmiguelito.gob.pa\/wp-content\/uploads\/2025\/11\/STO9279-200x300.jpg 200w, https:\/\/alcaldiasanmiguelito.gob.pa\/wp-content\/uploads\/2025\/11\/STO9279-683x1024.jpg 683w, https:\/\/alcaldiasanmiguelito.gob.pa\/wp-content\/uploads\/2025\/11\/STO9279-768x1152.jpg 768w, https:\/\/alcaldiasanmiguelito.gob.pa\/wp-content\/uploads\/2025\/11\/STO9279-1024x1536.jpg 1024w\" sizes=\"(max-width: 1365px) 100vw, 1365px\" \/><\/span><\/a>\n\n\n<div class=\"wp-block-group gutenify-section-6e5ba1f0-a90e-11ef-992a-b5bc6d923783 has-palette-color-8-background-color has-background wp-container-content-9cfa9a5a is-layout-constrained wp-block-group-is-layout-constrained\" style=\"min-height:100%\"><h2 style=\"font-size:clamp(14px, 0.875rem + ((1vw - 3.2px) * 0.313), 18px);\" class=\"ct-dynamic-data wp-elements-6de8dfe40f95c231b17cf5beeb473da3\"><a href=\"https:\/\/alcaldiasanmiguelito.gob.pa\/?p=2597\">SAN MIGUELITO CELEBR\u00d3 CON ORGULLO LAS FIESTAS PATRIAS 2025\u00a0<\/a><\/h2>\n\n<div style=\"font-style:normal;font-weight:500;text-transform:uppercase;\" class=\"ct-dynamic-data wp-elements-68e6182a7abdc44a03bc7713aff1213f has-small-font-size\">04\/11\/2025<\/div>\n\n<div class=\"ct-dynamic-data wp-elements-75c3acab3cff5557061d009d04e39255\"><p>San&nbsp;Miguelito,&nbsp;4&nbsp;de&nbsp;noviembre&nbsp;de 2025.&nbsp;&nbsp; La Alcald\u00eda de San Miguelito conmemor\u00f3 con entusiasmo las fechas patrias con actos protocolares y desfiles que reunieron\u2026<\/p>\n<\/div><\/div>\n<\/div>\n\n<\/article><article class=\"wp-block-post is-layout-flow post-2588 post type-post status-publish format-standard has-post-thumbnail hentry category-29 tag-acceso-a-la-justicia tag-alcaldia-de-san-miguelito tag-alexandra-brenes tag-descentralizacion tag-modernizacion-institucional tag-notaria-especial tag-san-miguelito\">\n\n<div class=\"wp-block-group gutenify-section-6e5cb360-a90e-11ef-992a-b5bc6d923783 is-vertical is-content-justification-left is-layout-flex wp-container-core-group-is-layout-2290e706 wp-block-group-is-layout-flex\" style=\"min-height:100%\"><a style=\"margin-bottom:0;\" class=\"ct-dynamic-media wp-elements-21d0b13190562cf93aaf16cc9c95ac6c wp-elements-19af543901c7011f97a81cb7fd88cbb2\" aria-label=\"PRESENTAN ANTEPROYECTO DE LEY PARA FORTALECER LA NOTAR\u00cdA ESPECIAL DEL DISTRITO DE SAN MIGUELITO.\u00a0\" href=\"https:\/\/alcaldiasanmiguelito.gob.pa\/?p=2588\"><span data-hover=\"zoom-in\" class=\"ct-dynamic-media-inner\" style=\"border-radius:10px;\"><img decoding=\"async\" width=\"960\" height=\"1280\" src=\"https:\/\/alcaldiasanmiguelito.gob.pa\/wp-content\/uploads\/2025\/11\/Image.jpeg\" class=\"attachment-full size-full\" alt=\"\" style=\"width:100%;height:100%;object-fit: cover;\" srcset=\"https:\/\/alcaldiasanmiguelito.gob.pa\/wp-content\/uploads\/2025\/11\/Image.jpeg 960w, https:\/\/alcaldiasanmiguelito.gob.pa\/wp-content\/uploads\/2025\/11\/Image-225x300.jpeg 225w, https:\/\/alcaldiasanmiguelito.gob.pa\/wp-content\/uploads\/2025\/11\/Image-768x1024.jpeg 768w\" sizes=\"(max-width: 960px) 100vw, 960px\" \/><\/span><\/a>\n\n\n<div class=\"wp-block-group gutenify-section-6e5ba1f0-a90e-11ef-992a-b5bc6d923783 has-palette-color-8-background-color has-background wp-container-content-9cfa9a5a is-layout-constrained wp-block-group-is-layout-constrained\" style=\"min-height:100%\"><h2 style=\"font-size:clamp(14px, 0.875rem + ((1vw - 3.2px) * 0.313), 18px);\" class=\"ct-dynamic-data wp-elements-6de8dfe40f95c231b17cf5beeb473da3\"><a href=\"https:\/\/alcaldiasanmiguelito.gob.pa\/?p=2588\">PRESENTAN ANTEPROYECTO DE LEY PARA FORTALECER LA NOTAR\u00cdA ESPECIAL DEL DISTRITO DE SAN MIGUELITO.\u00a0<\/a><\/h2>\n\n<div style=\"font-style:normal;font-weight:500;text-transform:uppercase;\" class=\"ct-dynamic-data wp-elements-68e6182a7abdc44a03bc7713aff1213f has-small-font-size\">29\/10\/2025<\/div>\n\n<div class=\"ct-dynamic-data wp-elements-75c3acab3cff5557061d009d04e39255\"><p>San&nbsp;Miguelito,&nbsp;29&nbsp;de&nbsp;octubre&nbsp;de 2025.&nbsp;&nbsp; El&nbsp;29 de octubre de 2025, fue presentado ante el pleno de la&nbsp;Asamblea Nacional&nbsp;el&nbsp;anteproyecto de Ley \u201cQue modifica y\u2026<\/p>\n<\/div><\/div>\n<\/div>\n\n<\/article><article class=\"wp-block-post is-layout-flow post-2572 post type-post status-publish format-standard has-post-thumbnail hentry category-29 category-sin-categoria tag-alcaldia-de-san-miguelito tag-concejo-municipal-de-san-miguelito tag-educacion tag-juventud tag-liderazgo tag-participacion-ciudadana tag-san-miguelito-2\">\n\n<div class=\"wp-block-group gutenify-section-6e5cb360-a90e-11ef-992a-b5bc6d923783 is-vertical is-content-justification-left is-layout-flex wp-container-core-group-is-layout-2290e706 wp-block-group-is-layout-flex\" style=\"min-height:100%\"><a style=\"margin-bottom:0;\" class=\"ct-dynamic-media wp-elements-21d0b13190562cf93aaf16cc9c95ac6c wp-elements-19af543901c7011f97a81cb7fd88cbb2\" aria-label=\"CONCEJO MUNICIPAL DE SAN MIGUELITO CELEBRA EL D\u00cdA DEL ESTUDIANTE CON SESI\u00d3N ESPECIAL.\u00a0\" href=\"https:\/\/alcaldiasanmiguelito.gob.pa\/?p=2572\"><span data-hover=\"zoom-in\" class=\"ct-dynamic-media-inner\" style=\"border-radius:10px;\"><img decoding=\"async\" width=\"1365\" height=\"2048\" src=\"https:\/\/alcaldiasanmiguelito.gob.pa\/wp-content\/uploads\/2025\/11\/STO6730.jpg\" class=\"attachment-full size-full\" alt=\"\" style=\"width:100%;height:100%;object-fit: cover;\" srcset=\"https:\/\/alcaldiasanmiguelito.gob.pa\/wp-content\/uploads\/2025\/11\/STO6730.jpg 1365w, https:\/\/alcaldiasanmiguelito.gob.pa\/wp-content\/uploads\/2025\/11\/STO6730-200x300.jpg 200w, https:\/\/alcaldiasanmiguelito.gob.pa\/wp-content\/uploads\/2025\/11\/STO6730-683x1024.jpg 683w, https:\/\/alcaldiasanmiguelito.gob.pa\/wp-content\/uploads\/2025\/11\/STO6730-768x1152.jpg 768w, https:\/\/alcaldiasanmiguelito.gob.pa\/wp-content\/uploads\/2025\/11\/STO6730-1024x1536.jpg 1024w\" sizes=\"(max-width: 1365px) 100vw, 1365px\" \/><\/span><\/a>\n\n\n<div class=\"wp-block-group gutenify-section-6e5ba1f0-a90e-11ef-992a-b5bc6d923783 has-palette-color-8-background-color has-background wp-container-content-9cfa9a5a is-layout-constrained wp-block-group-is-layout-constrained\" style=\"min-height:100%\"><h2 style=\"font-size:clamp(14px, 0.875rem + ((1vw - 3.2px) * 0.313), 18px);\" class=\"ct-dynamic-data wp-elements-6de8dfe40f95c231b17cf5beeb473da3\"><a href=\"https:\/\/alcaldiasanmiguelito.gob.pa\/?p=2572\">CONCEJO MUNICIPAL DE SAN MIGUELITO CELEBRA EL D\u00cdA DEL ESTUDIANTE CON SESI\u00d3N ESPECIAL.\u00a0<\/a><\/h2>\n\n<div style=\"font-style:normal;font-weight:500;text-transform:uppercase;\" class=\"ct-dynamic-data wp-elements-68e6182a7abdc44a03bc7713aff1213f has-small-font-size\">28\/10\/2025<\/div>\n\n<div class=\"ct-dynamic-data wp-elements-75c3acab3cff5557061d009d04e39255\"><p>San&nbsp;Miguelito,&nbsp;28&nbsp;de&nbsp;octubre&nbsp;de 2025.&nbsp;&nbsp; La Alcald\u00eda de San Miguelito conmemor\u00f3 el D\u00eda del Estudiante con una sesi\u00f3n especial del Concejo Municipal, en\u2026<\/p>\n<\/div><\/div>\n<\/div>\n\n<\/article><article class=\"wp-block-post is-layout-flow post-2561 post type-post status-publish format-standard has-post-thumbnail hentry category-29 tag-alcaldia-de-san-miguelito tag-desarrollo tag-gestion-municipal tag-participacion-ciudadana-2 tag-planificacion tag-san-miguelito tag-transparencia\">\n\n<div class=\"wp-block-group gutenify-section-6e5cb360-a90e-11ef-992a-b5bc6d923783 is-vertical is-content-justification-left is-layout-flex wp-container-core-group-is-layout-2290e706 wp-block-group-is-layout-flex\" style=\"min-height:100%\"><a style=\"margin-bottom:0;\" class=\"ct-dynamic-media wp-elements-21d0b13190562cf93aaf16cc9c95ac6c wp-elements-19af543901c7011f97a81cb7fd88cbb2\" aria-label=\"ALCALD\u00cdA DE SAN MIGUELITO PRESENTA OFICIALMENTE SU PLAN ESTRAT\u00c9GICO INSTITUCIONAL (PEI) 2025\u20132029.\" href=\"https:\/\/alcaldiasanmiguelito.gob.pa\/?p=2561\"><span data-hover=\"zoom-in\" class=\"ct-dynamic-media-inner\" style=\"border-radius:10px;\"><img decoding=\"async\" width=\"2048\" height=\"1365\" src=\"https:\/\/alcaldiasanmiguelito.gob.pa\/wp-content\/uploads\/2025\/11\/IMG_7594.jpg\" class=\"attachment-full size-full\" alt=\"\" style=\"width:100%;height:100%;object-fit: cover;\" srcset=\"https:\/\/alcaldiasanmiguelito.gob.pa\/wp-content\/uploads\/2025\/11\/IMG_7594.jpg 2048w, https:\/\/alcaldiasanmiguelito.gob.pa\/wp-content\/uploads\/2025\/11\/IMG_7594-300x200.jpg 300w, https:\/\/alcaldiasanmiguelito.gob.pa\/wp-content\/uploads\/2025\/11\/IMG_7594-1024x683.jpg 1024w, https:\/\/alcaldiasanmiguelito.gob.pa\/wp-content\/uploads\/2025\/11\/IMG_7594-768x512.jpg 768w, https:\/\/alcaldiasanmiguelito.gob.pa\/wp-content\/uploads\/2025\/11\/IMG_7594-1536x1024.jpg 1536w\" sizes=\"(max-width: 2048px) 100vw, 2048px\" \/><\/span><\/a>\n\n\n<div class=\"wp-block-group gutenify-section-6e5ba1f0-a90e-11ef-992a-b5bc6d923783 has-palette-color-8-background-color has-background wp-container-content-9cfa9a5a is-layout-constrained wp-block-group-is-layout-constrained\" style=\"min-height:100%\"><h2 style=\"font-size:clamp(14px, 0.875rem + ((1vw - 3.2px) * 0.313), 18px);\" class=\"ct-dynamic-data wp-elements-6de8dfe40f95c231b17cf5beeb473da3\"><a href=\"https:\/\/alcaldiasanmiguelito.gob.pa\/?p=2561\">ALCALD\u00cdA DE SAN MIGUELITO PRESENTA OFICIALMENTE SU PLAN ESTRAT\u00c9GICO INSTITUCIONAL (PEI) 2025\u20132029.<\/a><\/h2>\n\n<div style=\"font-style:normal;font-weight:500;text-transform:uppercase;\" class=\"ct-dynamic-data wp-elements-68e6182a7abdc44a03bc7713aff1213f has-small-font-size\">27\/10\/2025<\/div>\n\n<div class=\"ct-dynamic-data wp-elements-75c3acab3cff5557061d009d04e39255\"><p>San&nbsp;Miguelito,&nbsp;27&nbsp;de&nbsp;octubre&nbsp;de 2025.&nbsp;&nbsp; La Alcald\u00eda de San Miguelito realiz\u00f3 la entrega oficial del&nbsp;Plan Estrat\u00e9gico Institucional (PEI) 2025\u20132029, un documento gu\u00eda que\u2026<\/p>\n<\/div><\/div>\n<\/div>\n\n<\/article><article class=\"wp-block-post is-layout-flow post-2494 post type-post status-publish format-standard has-post-thumbnail hentry category-29 tag-alcaldia-de-san-miguelito tag-arnulfo-arias tag-bienestar-comunitario tag-gestion-de-residuos tag-ruta-saludable tag-sancocho-comunitario tag-sostenibilidad\">\n\n<div class=\"wp-block-group gutenify-section-6e5cb360-a90e-11ef-992a-b5bc6d923783 is-vertical is-content-justification-left is-layout-flex wp-container-core-group-is-layout-2290e706 wp-block-group-is-layout-flex\" style=\"min-height:100%\"><a style=\"margin-bottom:0;\" class=\"ct-dynamic-media wp-elements-21d0b13190562cf93aaf16cc9c95ac6c wp-elements-19af543901c7011f97a81cb7fd88cbb2\" aria-label=\"PRIMERA \u201cRUTA SALUDABLE\u201d PROMUEVE BIENESTAR Y SOSTENIBILIDAD EN SAN MIGUELITO.\u00a0\u00a0\u00a0\" href=\"https:\/\/alcaldiasanmiguelito.gob.pa\/?p=2494\"><span data-hover=\"zoom-in\" class=\"ct-dynamic-media-inner\" style=\"border-radius:10px;\"><img decoding=\"async\" width=\"2048\" height=\"1365\" src=\"https:\/\/alcaldiasanmiguelito.gob.pa\/wp-content\/uploads\/2025\/10\/STO6027.jpg\" class=\"attachment-full size-full\" alt=\"\" style=\"width:100%;height:100%;object-fit: cover;\" srcset=\"https:\/\/alcaldiasanmiguelito.gob.pa\/wp-content\/uploads\/2025\/10\/STO6027.jpg 2048w, https:\/\/alcaldiasanmiguelito.gob.pa\/wp-content\/uploads\/2025\/10\/STO6027-300x200.jpg 300w, https:\/\/alcaldiasanmiguelito.gob.pa\/wp-content\/uploads\/2025\/10\/STO6027-1024x683.jpg 1024w, https:\/\/alcaldiasanmiguelito.gob.pa\/wp-content\/uploads\/2025\/10\/STO6027-768x512.jpg 768w, https:\/\/alcaldiasanmiguelito.gob.pa\/wp-content\/uploads\/2025\/10\/STO6027-1536x1024.jpg 1536w\" sizes=\"(max-width: 2048px) 100vw, 2048px\" \/><\/span><\/a>\n\n\n<div class=\"wp-block-group gutenify-section-6e5ba1f0-a90e-11ef-992a-b5bc6d923783 has-palette-color-8-background-color has-background wp-container-content-9cfa9a5a is-layout-constrained wp-block-group-is-layout-constrained\" style=\"min-height:100%\"><h2 style=\"font-size:clamp(14px, 0.875rem + ((1vw - 3.2px) * 0.313), 18px);\" class=\"ct-dynamic-data wp-elements-6de8dfe40f95c231b17cf5beeb473da3\"><a href=\"https:\/\/alcaldiasanmiguelito.gob.pa\/?p=2494\">PRIMERA \u201cRUTA SALUDABLE\u201d PROMUEVE BIENESTAR Y SOSTENIBILIDAD EN SAN MIGUELITO.\u00a0\u00a0\u00a0<\/a><\/h2>\n\n<div style=\"font-style:normal;font-weight:500;text-transform:uppercase;\" class=\"ct-dynamic-data wp-elements-68e6182a7abdc44a03bc7713aff1213f has-small-font-size\">25\/10\/2025<\/div>\n\n<div class=\"ct-dynamic-data wp-elements-75c3acab3cff5557061d009d04e39255\"><p>San Miguelito, 25 de octubre de 2025.&nbsp;&nbsp; La Alcald\u00eda de San Miguelito realiz\u00f3 con gran \u00e9xito la primera edici\u00f3n de\u2026<\/p>\n<\/div><\/div>\n<\/div>\n\n<\/article><article class=\"wp-block-post is-layout-flow post-2471 post type-post status-publish format-standard has-post-thumbnail hentry category-29 tag-alcaldia-de-san-miguelito tag-casa-cultural-de-las-600 tag-distrito-de-san-migelito tag-irma-hernandez tag-mes-rosa tag-prevencion-del-cancer tag-salud-y-bienestar tag-sororidad-y-comunidad\">\n\n<div class=\"wp-block-group gutenify-section-6e5cb360-a90e-11ef-992a-b5bc6d923783 is-vertical is-content-justification-left is-layout-flex wp-container-core-group-is-layout-2290e706 wp-block-group-is-layout-flex\" style=\"min-height:100%\"><a style=\"margin-bottom:0;\" class=\"ct-dynamic-media wp-elements-21d0b13190562cf93aaf16cc9c95ac6c wp-elements-19af543901c7011f97a81cb7fd88cbb2\" aria-label=\"ALCALD\u00cdA\u00a0REALIZA\u00a0TARDE DE\u00a0T\u00c9\u00a0EN EL MARCO\u00a0DEL MES DE LA PREVENCI\u00d3N DEL C\u00c1NCER DE MAMA Y DE PR\u00d3STATA.\u00a0.\u00a0\" href=\"https:\/\/alcaldiasanmiguelito.gob.pa\/?p=2471\"><span data-hover=\"zoom-in\" class=\"ct-dynamic-media-inner\" style=\"border-radius:10px;\"><img decoding=\"async\" width=\"2048\" height=\"1365\" src=\"https:\/\/alcaldiasanmiguelito.gob.pa\/wp-content\/uploads\/2025\/10\/STO5299.jpg\" class=\"attachment-full size-full\" alt=\"\" style=\"width:100%;height:100%;object-fit: cover;\" srcset=\"https:\/\/alcaldiasanmiguelito.gob.pa\/wp-content\/uploads\/2025\/10\/STO5299.jpg 2048w, https:\/\/alcaldiasanmiguelito.gob.pa\/wp-content\/uploads\/2025\/10\/STO5299-300x200.jpg 300w, https:\/\/alcaldiasanmiguelito.gob.pa\/wp-content\/uploads\/2025\/10\/STO5299-1024x683.jpg 1024w, https:\/\/alcaldiasanmiguelito.gob.pa\/wp-content\/uploads\/2025\/10\/STO5299-768x512.jpg 768w, https:\/\/alcaldiasanmiguelito.gob.pa\/wp-content\/uploads\/2025\/10\/STO5299-1536x1024.jpg 1536w\" sizes=\"(max-width: 2048px) 100vw, 2048px\" \/><\/span><\/a>\n\n\n<div class=\"wp-block-group gutenify-section-6e5ba1f0-a90e-11ef-992a-b5bc6d923783 has-palette-color-8-background-color has-background wp-container-content-9cfa9a5a is-layout-constrained wp-block-group-is-layout-constrained\" style=\"min-height:100%\"><h2 style=\"font-size:clamp(14px, 0.875rem + ((1vw - 3.2px) * 0.313), 18px);\" class=\"ct-dynamic-data wp-elements-6de8dfe40f95c231b17cf5beeb473da3\"><a href=\"https:\/\/alcaldiasanmiguelito.gob.pa\/?p=2471\">ALCALD\u00cdA\u00a0REALIZA\u00a0TARDE DE\u00a0T\u00c9\u00a0EN EL MARCO\u00a0DEL MES DE LA PREVENCI\u00d3N DEL C\u00c1NCER DE MAMA Y DE PR\u00d3STATA.\u00a0.\u00a0<\/a><\/h2>\n\n<div style=\"font-style:normal;font-weight:500;text-transform:uppercase;\" class=\"ct-dynamic-data wp-elements-68e6182a7abdc44a03bc7713aff1213f has-small-font-size\">22\/10\/2025<\/div>\n\n<div class=\"ct-dynamic-data wp-elements-75c3acab3cff5557061d009d04e39255\"><p>San Miguelito, 22&nbsp;de octubre de 2025.&nbsp; En el marco del&nbsp;Mes de la Prevenci\u00f3n contra el C\u00e1ncer de Mama y de\u2026<\/p>\n<\/div><\/div>\n<\/div>\n\n<\/article><\/div>\n\t\t<nav class=\"ct-pagination\" data-pagination=\"simple\"  >\n\t\t\t<div class=\"ct-hidden-sm\"><span aria-current=\"page\" class=\"page-numbers current\">1<\/span>\n<a class=\"page-numbers\" href=\"https:\/\/alcaldiasanmiguelito.gob.pa\/index.php\/?query-d68b6aec=2&#038;rest_route=%2Fwp%2Fv2%2Fpages%2F474\">2<\/a>\n<a class=\"page-numbers\" href=\"https:\/\/alcaldiasanmiguelito.gob.pa\/index.php\/?query-d68b6aec=3&#038;rest_route=%2Fwp%2Fv2%2Fpages%2F474\">3<\/a>\n<a class=\"page-numbers\" href=\"https:\/\/alcaldiasanmiguelito.gob.pa\/index.php\/?query-d68b6aec=4&#038;rest_route=%2Fwp%2Fv2%2Fpages%2F474\">4<\/a><\/div><a class=\"next page-numbers\" rel=\"next\" href=\"https:\/\/alcaldiasanmiguelito.gob.pa\/index.php\/?query-d68b6aec=2&#038;rest_route=%2Fwp%2Fv2%2Fpages%2F474\">Siguiente <svg width=\"9px\" height=\"9px\" viewBox=\"0 0 15 15\" fill=\"currentColor\"><path d=\"M4.1,15c0.2,0,0.4-0.1,0.6-0.2L11.4,8c0.3-0.3,0.3-0.8,0-1.1L4.8,0.2C4.5-0.1,4-0.1,3.7,0.2C3.4,0.5,3.4,1,3.7,1.3l6.1,6.1l-6.2,6.2c-0.3,0.3-0.3,0.8,0,1.1C3.7,14.9,3.9,15,4.1,15z\"\/><\/svg><\/a>\n\t\t\t\n\t\t<\/nav><style>[data-id='d68b6aec'] {--grid-columns-gap:var(--wp--preset--spacing--50);--grid-columns-width:4;}@media (max-width: 999.98px) {[data-id='d68b6aec'] {--grid-columns-width:2;}}@media (max-width: 689.98px) {[data-id='d68b6aec'] {--grid-columns-width:1;}}<\/style><\/div>\n","protected":false},"excerpt":{"rendered":"","protected":false},"author":1,"featured_media":0,"parent":0,"menu_order":0,"comment_status":"closed","ping_status":"closed","template":"","meta":{"inline_featured_image":false,"footnotes":""},"class_list":["post-474","page","type-page","status-publish","hentry"],"blocksy_meta":[],"_links":{"self":[{"href":"https:\/\/alcaldiasanmiguelito.gob.pa\/index.php?rest_route=\/wp\/v2\/pages\/474","targetHints":{"allow":["GET"]}}],"collection":[{"href":"https:\/\/alcaldiasanmiguelito.gob.pa\/index.php?rest_route=\/wp\/v2\/pages"}],"about":[{"href":"https:\/\/alcaldiasanmiguelito.gob.pa\/index.php?rest_route=\/wp\/v2\/types\/page"}],"author":[{"embeddable":true,"href":"https:\/\/alcaldiasanmiguelito.gob.pa\/index.php?rest_route=\/wp\/v2\/users\/1"}],"replies":[{"embeddable":true,"href":"https:\/\/alcaldiasanmiguelito.gob.pa\/index.php?rest_route=%2Fwp%2Fv2%2Fcomments&post=474"}],"version-history":[{"count":14,"href":"https:\/\/alcaldiasanmiguelito.gob.pa\/index.php?rest_route=\/wp\/v2\/pages\/474\/revisions"}],"predecessor-version":[{"id":2596,"href":"https:\/\/alcaldiasanmiguelito.gob.pa\/index.php?rest_route=\/wp\/v2\/pages\/474\/revisions\/2596"}],"wp:attachment":[{"href":"https:\/\/alcaldiasanmiguelito.gob.pa\/index.php?rest_route=%2Fwp%2Fv2%2Fmedia&parent=474"}],"curies":[{"name":"wp","href":"https:\/\/api.w.org\/{rel}","templated":true}]}}