{"id":2079,"date":"2025-07-14T12:30:30","date_gmt":"2025-07-14T17:30:30","guid":{"rendered":"https:\/\/alcaldiasanmiguelito.gob.pa\/?page_id=2079"},"modified":"2025-07-21T10:14:22","modified_gmt":"2025-07-21T15:14:22","slug":"dpu","status":"publish","type":"page","link":"https:\/\/alcaldiasanmiguelito.gob.pa\/?page_id=2079","title":{"rendered":"Planificaci\u00f3n Urbana"},"content":{"rendered":"\n<h1 class=\"wp-block-heading has-text-align-center has-text-color has-link-color wp-elements-72978fd1eb5837ebcd79ef2639d09416\" style=\"color:#009639;margin-top:var(--wp--preset--spacing--70)\"><strong>Direcci\u00f3n de Planificaci\u00f3n Urbana<\/strong><\/h1>\n\n\n\n<p class=\"has-text-align-center\">\u200bLa Direcci\u00f3n de Planificaci\u00f3n Urbana Municipal es responsable de dise\u00f1ar, implementar y supervisar pol\u00edticas p\u00fablicas para el ordenamiento territorial y el desarrollo urbano sostenible. Sus funciones incluyen la elaboraci\u00f3n de planes reguladores, la zonificaci\u00f3n del territorio, la regulaci\u00f3n del uso del suelo y la gesti\u00f3n integral de proyectos urban\u00edsticos. A trav\u00e9s de estas acciones, busca promover un crecimiento urbano ordenado, eficiente y equilibrado, mejorando la calidad de vida en el municipio y garantizando la sostenibilidad ambiental y social del entorno urbano.\u200b<\/p>\n\n\n\n<p class=\"has-text-align-center\">Conoce las dos unidades dentro de la direcci\u00f3n\u200b<\/p>\n\n\n\n<div class=\"wp-block-columns is-layout-flex wp-container-core-columns-is-layout-28f84493 wp-block-columns-is-layout-flex\">\n<div class=\"wp-block-column is-layout-flow wp-block-column-is-layout-flow\"><a class=\"guten-button guten-button-sm\" href=\"#\"><span>PLOT<\/span><\/a><\/div>\n\n\n\n<div class=\"wp-block-column is-layout-flow wp-block-column-is-layout-flow\"><a class=\"guten-button guten-button-sm\" href=\"\/diseno-urbano\"><span>Dise\u00f1o Urbano<\/span><\/a><\/div>\n<\/div>\n\n\n\n<hr class=\"wp-block-separator alignwide has-text-color has-alpha-channel-opacity has-background is-style-wide\" style=\"margin-top:var(--wp--preset--spacing--70);margin-bottom:var(--wp--preset--spacing--70);background-color:#002f6c;color:#002f6c\"\/>\n\n\n\n<h3 class=\"wp-block-heading has-text-align-center\"><strong>Junta de Planificaci\u00f3n Municipal<\/strong>\u200b<\/h3>\n\n\n\n<p class=\"has-text-align-center\" style=\"margin-bottom:var(--wp--preset--spacing--50)\">Es un comit\u00e9 al que le corresponde participar en la elaboraci\u00f3n, ejecuci\u00f3n y modificaci\u00f3n de los planes de ordenamiento territorial, incluyendo los cambios de zonificaci\u00f3n o uso de suelo a nivel local.\u200b<br>La junta est\u00e1 conformada de la siguiente manera: \u200b\u200b<br><\/p>\n\n\n\n<p class=\"has-text-align-center has-text-color has-link-color wp-elements-9142154a230455be2ad224ff07591979\" style=\"color:#00a9e0;margin-bottom:0\"><strong>Representante de la Alcald\u00eda<\/strong>\u200b<\/p>\n\n\n\n<p class=\"has-text-align-center\" style=\"font-style:normal;font-weight:300\"><strong>Diana Esther Xie Jia<\/strong> (Presidenta)\u200b<\/p>\n\n\n\n<p class=\"has-text-align-center has-text-color has-link-color wp-elements-97676eb1a782468a4e5735451110f9c3\" style=\"color:#00a9e0;margin-top:0;margin-bottom:0\"><strong>Representantes de la Sociedad Civil<\/strong>\u200b<\/p>\n\n\n\n<p class=\"has-text-align-center\"><strong>Eira Genarina Colucci Polanco<\/strong> (Principal)\u200b<br><strong>Dayra del Rosario Torres Barrios de Marrero<\/strong> (Suplente)\u200b<br><strong>Joyce del Carmen Castroverde Dom\u00ednguez<\/strong> (Principal)\u200b<br><strong>Gregorio Pinto Miranda<\/strong> (Suplente)\u200b<\/p>\n\n\n\n<p class=\"has-text-align-center has-text-color has-link-color wp-elements-b4525e15a9d02b7e99fd0286813bf948\" style=\"color:#00a9e0;margin-bottom:0\"><strong>Representantes de la Sociedad Paname\u00f1a de Ingenieros y Arquitectos<\/strong>\u200b<\/p>\n\n\n\n<p class=\"has-text-align-center\"><strong>Jorge Luis Pitalua Garc\u00eda<\/strong> (Principal)\u200b<br><strong>Sa\u00fal Castillo Bustos<\/strong> (Suplente)\u200b\u200b<\/p>\n\n\n\n<p class=\"has-text-align-center has-text-color has-link-color wp-elements-d12a207bb903cf368733290fea5c82c3\" style=\"color:#00a9e0;margin-bottom:0\"><strong>Profesional id\u00f3neo en Arquitectura y Desarrollo Urbano<\/strong>\u200b<\/p>\n\n\n\n<p class=\"has-text-align-center\"><strong>\u00c1lvaro Uribe D\u00edaz<\/strong> (Principal)\u200b<br><strong>C\u00e9sar Augusto Cede\u00f1o Ulloa<\/strong> (Suplente)\u200b<\/p>\n\n\n\n<p class=\"has-text-align-center has-text-color has-link-color wp-elements-a2122a328e1be24806424488b838ecdb\" style=\"color:#00a9e0;margin-bottom:0\"><strong>Representantes del Concejo <\/strong><strong>Municipal<\/strong>\u200b<\/p>\n\n\n\n<p class=\"has-text-align-center\"><strong>Ivan Cheribin<\/strong> (Principal)\u200b<br><strong>Guillermo Garc\u00eda<\/strong> (Principal)\u200b<br><strong>Juan Barsallo <\/strong>(Suplente)\u200b<br><strong>Amed Rojas<\/strong> (Suplente)\u200b<\/p>\n\n\n\n<p class=\"has-text-align-center has-text-color has-link-color wp-elements-e62639a262bf8413c85c89e3c38129e6\" style=\"color:#00a9e0;margin-bottom:0\"><strong>Representantes del Ministerio de Vivienda y Ordenamiento Territorial<\/strong>\u200b<\/p>\n\n\n\n<p class=\"has-text-align-center\" style=\"margin-bottom:var(--wp--preset--spacing--80)\"><strong>Luis Rivas <\/strong>(Principal)\u200b<br><strong>Kathy Escalona <\/strong>(Suplente)\u200b<\/p>\n\n\n<div id=\"metaslider-id-2141\" style=\"width: 100%;\" class=\"ml-slider-3-108-0 metaslider metaslider-flex metaslider-2141 ml-slider has-dots-nav ms-theme-default-base\" role=\"region\" aria-label=\"DPU\" data-height=\"1080\" data-width=\"1920\">\n    <div id=\"metaslider_container_2141\">\n        <div id=\"metaslider_2141\">\n            <ul class='slides'>\n                <li style=\"display: block; width: 100%;\" class=\"slide-2150 ms-image \" aria-roledescription=\"slide\" data-date=\"2025-07-21 10:11:32\" data-filename=\"STO0034-1920x1080.jpg\" data-slide-type=\"image\"><img decoding=\"async\" src=\"https:\/\/alcaldiasanmiguelito.gob.pa\/wp-content\/uploads\/2025\/07\/STO0034-1920x1080.jpg\" height=\"1080\" width=\"1920\" alt=\"\" class=\"slider-2141 slide-2150 msDefaultImage\" title=\"_STO0034\" \/><\/li>\n                <li style=\"display: none; width: 100%;\" class=\"slide-2147 ms-image \" aria-roledescription=\"slide\" data-date=\"2025-07-21 10:11:03\" data-filename=\"FUJI2826-scaled-1920x1080.jpg\" data-slide-type=\"image\"><img decoding=\"async\" src=\"https:\/\/alcaldiasanmiguelito.gob.pa\/wp-content\/uploads\/2025\/07\/FUJI2826-scaled-1920x1080.jpg\" height=\"1080\" width=\"1920\" alt=\"\" class=\"slider-2141 slide-2147 msDefaultImage\" title=\"FUJI2826\" \/><\/li>\n                <li style=\"display: none; width: 100%;\" class=\"slide-2149 ms-image \" aria-roledescription=\"slide\" data-date=\"2025-07-21 10:11:18\" data-filename=\"00_STO9996-1920x1080.jpg\" data-slide-type=\"image\"><img decoding=\"async\" src=\"https:\/\/alcaldiasanmiguelito.gob.pa\/wp-content\/uploads\/2025\/07\/00_STO9996-1920x1080.jpg\" height=\"1080\" width=\"1920\" alt=\"\" class=\"slider-2141 slide-2149 msDefaultImage\" title=\"00_STO9996\" \/><\/li>\n                <li style=\"display: none; width: 100%;\" class=\"slide-2148 ms-image \" aria-roledescription=\"slide\" data-date=\"2025-07-21 10:11:10\" data-filename=\"FUJI2787-scaled-1920x1080.jpg\" data-slide-type=\"image\"><img decoding=\"async\" src=\"https:\/\/alcaldiasanmiguelito.gob.pa\/wp-content\/uploads\/2025\/07\/FUJI2787-scaled-1920x1080.jpg\" height=\"1080\" width=\"1920\" alt=\"\" class=\"slider-2141 slide-2148 msDefaultImage\" title=\"FUJI2787\" \/><\/li>\n                <li style=\"display: none; width: 100%;\" class=\"slide-2151 ms-image \" aria-roledescription=\"slide\" data-date=\"2025-07-21 10:11:42\" data-filename=\"FUJI2854-scaled-1920x1080.jpg\" data-slide-type=\"image\"><img decoding=\"async\" src=\"https:\/\/alcaldiasanmiguelito.gob.pa\/wp-content\/uploads\/2025\/07\/FUJI2854-scaled-1920x1080.jpg\" height=\"1080\" width=\"1920\" alt=\"\" class=\"slider-2141 slide-2151 msDefaultImage\" title=\"FUJI2854\" \/><\/li>\n            <\/ul>\n        <\/div>\n        \n    <\/div>\n<\/div>\n","protected":false},"excerpt":{"rendered":"<p>Direcci\u00f3n de Planificaci\u00f3n Urbana \u200bLa Direcci\u00f3n de Planificaci\u00f3n Urbana Municipal es responsable de dise\u00f1ar, implementar y supervisar pol\u00edticas p\u00fablicas para el ordenamiento territorial y el desarrollo urbano sostenible. Sus funciones incluyen la elaboraci\u00f3n de planes reguladores, la zonificaci\u00f3n del territorio, la regulaci\u00f3n del uso del suelo y la gesti\u00f3n integral de proyectos urban\u00edsticos. A trav\u00e9s [&hellip;]<\/p>\n","protected":false},"author":1,"featured_media":0,"parent":0,"menu_order":0,"comment_status":"closed","ping_status":"closed","template":"","meta":{"inline_featured_image":false,"footnotes":""},"class_list":["post-2079","page","type-page","status-publish","hentry"],"blocksy_meta":[],"_links":{"self":[{"href":"https:\/\/alcaldiasanmiguelito.gob.pa\/index.php?rest_route=\/wp\/v2\/pages\/2079","targetHints":{"allow":["GET"]}}],"collection":[{"href":"https:\/\/alcaldiasanmiguelito.gob.pa\/index.php?rest_route=\/wp\/v2\/pages"}],"about":[{"href":"https:\/\/alcaldiasanmiguelito.gob.pa\/index.php?rest_route=\/wp\/v2\/types\/page"}],"author":[{"embeddable":true,"href":"https:\/\/alcaldiasanmiguelito.gob.pa\/index.php?rest_route=\/wp\/v2\/users\/1"}],"replies":[{"embeddable":true,"href":"https:\/\/alcaldiasanmiguelito.gob.pa\/index.php?rest_route=%2Fwp%2Fv2%2Fcomments&post=2079"}],"version-history":[{"count":13,"href":"https:\/\/alcaldiasanmiguelito.gob.pa\/index.php?rest_route=\/wp\/v2\/pages\/2079\/revisions"}],"predecessor-version":[{"id":2152,"href":"https:\/\/alcaldiasanmiguelito.gob.pa\/index.php?rest_route=\/wp\/v2\/pages\/2079\/revisions\/2152"}],"wp:attachment":[{"href":"https:\/\/alcaldiasanmiguelito.gob.pa\/index.php?rest_route=%2Fwp%2Fv2%2Fmedia&parent=2079"}],"curies":[{"name":"wp","href":"https:\/\/api.w.org\/{rel}","templated":true}]}}