{"id":204,"date":"2025-02-27T09:17:03","date_gmt":"2025-02-27T14:17:03","guid":{"rendered":"https:\/\/alcaldiasanmiguelito.gob.pa\/?page_id=204"},"modified":"2026-02-27T17:32:10","modified_gmt":"2026-02-27T22:32:10","slug":"vacantes","status":"publish","type":"page","link":"https:\/\/alcaldiasanmiguelito.gob.pa\/?page_id=204","title":{"rendered":"Vacantes"},"content":{"rendered":"\n<h2 class=\"wp-block-heading has-text-align-center has-text-color has-link-color wp-elements-353b2e5cac303e5ad88db09df2c97e6b\" style=\"color:#002f6c;margin-top:var(--wp--preset--spacing--50);margin-bottom:var(--wp--preset--spacing--70)\">Vacantes Disponibles<\/h2>\n\n\n\n\n\n<div data-id=\"249ac338\" class=\"wp-block-blocksy-query\"><div class=\"ct-query-template-default is-layout-flow\"><article class=\"wp-block-post is-layout-flow post-2522 post type-post status-publish format-standard hentry category-vacantes tag-comunicacion-y-transparencia\">\n\n<div class=\"wp-block-columns has-palette-color-5-background-color has-background is-layout-flex wp-container-core-columns-is-layout-28f84493 wp-block-columns-is-layout-flex\" style=\"border-radius:15px\">\n<div class=\"wp-block-column is-vertically-aligned-center is-layout-flow wp-block-column-is-layout-flow\" style=\"flex-basis:100%\"><h2 style=\"font-size:clamp(15.747px, 0.984rem + ((1vw - 3.2px) * 0.645), 24px);font-style:normal;font-weight:800; margin-bottom:0;\" class=\"ct-dynamic-data wp-elements-4dc3647c969d20a83bad76731f5fff79 wp-elements-c52d2d54f446172084833ac74845d73f\"><a href=\"https:\/\/alcaldiasanmiguelito.gob.pa\/?p=2522\">ESPECIALISTA EN PRODUCCI\u00d3N AUDIOVISUAL<\/a><\/h2>\n\n<div class=\"ct-dynamic-data wp-elements-f876116a542e4b68410d939b030ee3f3\"><p>Descripci\u00f3n del rol Responsable de la producci\u00f3n y gesti\u00f3n de contenido audiovisual para comunicar de manera efectiva las iniciativas, programas y actividades de la Alcald\u00eda de San Miguelito. Responsabilidades Requisitos Fecha l\u00edmite de postulaci\u00f3n: 20\u2026<\/p>\n<\/div><\/div>\n<\/div>\n\n<\/article><article class=\"wp-block-post is-layout-flow post-2520 post type-post status-publish format-standard hentry category-vacantes tag-comunicacion-y-transparencia\">\n\n<div class=\"wp-block-columns has-palette-color-5-background-color has-background is-layout-flex wp-container-core-columns-is-layout-28f84493 wp-block-columns-is-layout-flex\" style=\"border-radius:15px\">\n<div class=\"wp-block-column is-vertically-aligned-center is-layout-flow wp-block-column-is-layout-flow\" style=\"flex-basis:100%\"><h2 style=\"font-size:clamp(15.747px, 0.984rem + ((1vw - 3.2px) * 0.645), 24px);font-style:normal;font-weight:800; margin-bottom:0;\" class=\"ct-dynamic-data wp-elements-4dc3647c969d20a83bad76731f5fff79 wp-elements-c52d2d54f446172084833ac74845d73f\"><a href=\"https:\/\/alcaldiasanmiguelito.gob.pa\/?p=2520\">DISE\u00d1ADOR GR\u00c1FICO<\/a><\/h2>\n\n<div class=\"ct-dynamic-data wp-elements-f876116a542e4b68410d939b030ee3f3\"><p>Descripci\u00f3n del rol Dise\u00f1ador responsable de desarrollar piezas gr\u00e1ficas tanto para medios impresos como digitales, asegurando la calidad y coherencia visual en todas las plataformas de la Alcald\u00eda de San Miguelito. Responsabilidades Requisitos Fecha l\u00edmite\u2026<\/p>\n<\/div><\/div>\n<\/div>\n\n<\/article><\/div><\/div>\n\n\n\n<p><\/p>\n\n\n\n<p><\/p>\n\n\n\n\n\n<div data-id=\"28f58b92\" class=\"wp-block-blocksy-query\"><div class=\"ct-query-template-default is-layout-flow\"><article class=\"wp-block-post is-layout-flow post-2177 post type-post status-publish format-standard hentry category-vacantes tag-presupuesto\">\n\n<div class=\"wp-block-columns has-palette-color-5-background-color has-background is-layout-flex wp-container-core-columns-is-layout-28f84493 wp-block-columns-is-layout-flex\" style=\"border-radius:15px\">\n<div class=\"wp-block-column is-vertically-aligned-center is-layout-flow wp-block-column-is-layout-flow\" style=\"flex-basis:100%\"><h2 style=\"font-size:clamp(15.747px, 0.984rem + ((1vw - 3.2px) * 0.645), 24px);font-style:normal;font-weight:800; margin-bottom:0;\" class=\"ct-dynamic-data wp-elements-4dc3647c969d20a83bad76731f5fff79 wp-elements-c52d2d54f446172084833ac74845d73f\"><a href=\"https:\/\/alcaldiasanmiguelito.gob.pa\/?p=2177\">Jefe(a) de Planificaci\u00f3n Institucional<\/a><\/h2>\n\n<div class=\"ct-dynamic-data wp-elements-f876116a542e4b68410d939b030ee3f3\"><p>Descripci\u00f3n del rol Planificar, coordinar y dar seguimiento a los procesos de planificaci\u00f3n estrat\u00e9gica e institucional del Municipio de San Miguelito, garantizando la alineaci\u00f3n entre el Plan Estrat\u00e9gico Institucional (PEI), el Plan Operativo Anual (POA),\u2026<\/p>\n<\/div><\/div>\n<\/div>\n\n<\/article><\/div><\/div>\n\n\n\n<p class=\"gutenify-section-630dbbc0-9253-11ef-84c4-eb6ebcbd947e\"><\/p>\n\n\n\n<p class=\"gutenify-section-630dbbc0-9253-11ef-84c4-eb6ebcbd947e\"><\/p>\n\n\n\n<p class=\"gutenify-section-630dbbc0-9253-11ef-84c4-eb6ebcbd947e\"><\/p>\n\n\n\n<div class=\"wp-block-columns has-palette-color-5-background-color has-background is-layout-flex wp-container-core-columns-is-layout-ce00e342 wp-block-columns-is-layout-flex\" style=\"border-radius:15px;margin-top:var(--wp--preset--spacing--70);padding-top:var(--wp--preset--spacing--40);padding-right:var(--wp--preset--spacing--40);padding-bottom:var(--wp--preset--spacing--40);padding-left:var(--wp--preset--spacing--40)\">\n<div class=\"wp-block-column is-layout-flow wp-container-core-column-is-layout-8a368f38 wp-block-column-is-layout-flow\">\n<p style=\"margin-top:0;margin-bottom:0\">Env\u00edo de hoja de vida a: <strong>vacantes@sanmiguelito.gob.pa<\/strong>\u200b<br>Para m\u00e1s informaci\u00f3n: 502-4411<\/p>\n<\/div>\n<\/div>\n\n\n\n<p><\/p>\n","protected":false},"excerpt":{"rendered":"<p>Vacantes Disponibles Env\u00edo de hoja de vida a: vacantes@sanmiguelito.gob.pa\u200bPara m\u00e1s informaci\u00f3n: 502-4411<\/p>\n","protected":false},"author":9,"featured_media":0,"parent":0,"menu_order":0,"comment_status":"closed","ping_status":"closed","template":"","meta":{"inline_featured_image":false,"footnotes":""},"class_list":["post-204","page","type-page","status-publish","hentry"],"blocksy_meta":[],"_links":{"self":[{"href":"https:\/\/alcaldiasanmiguelito.gob.pa\/index.php?rest_route=\/wp\/v2\/pages\/204","targetHints":{"allow":["GET"]}}],"collection":[{"href":"https:\/\/alcaldiasanmiguelito.gob.pa\/index.php?rest_route=\/wp\/v2\/pages"}],"about":[{"href":"https:\/\/alcaldiasanmiguelito.gob.pa\/index.php?rest_route=\/wp\/v2\/types\/page"}],"author":[{"embeddable":true,"href":"https:\/\/alcaldiasanmiguelito.gob.pa\/index.php?rest_route=\/wp\/v2\/users\/9"}],"replies":[{"embeddable":true,"href":"https:\/\/alcaldiasanmiguelito.gob.pa\/index.php?rest_route=%2Fwp%2Fv2%2Fcomments&post=204"}],"version-history":[{"count":65,"href":"https:\/\/alcaldiasanmiguelito.gob.pa\/index.php?rest_route=\/wp\/v2\/pages\/204\/revisions"}],"predecessor-version":[{"id":2875,"href":"https:\/\/alcaldiasanmiguelito.gob.pa\/index.php?rest_route=\/wp\/v2\/pages\/204\/revisions\/2875"}],"wp:attachment":[{"href":"https:\/\/alcaldiasanmiguelito.gob.pa\/index.php?rest_route=%2Fwp%2Fv2%2Fmedia&parent=204"}],"curies":[{"name":"wp","href":"https:\/\/api.w.org\/{rel}","templated":true}]}}