{"id":197,"date":"2024-10-24T16:45:21","date_gmt":"2024-10-24T21:45:21","guid":{"rendered":"https:\/\/alcaldiasanmiguelito.gob.pa\/?page_id=197"},"modified":"2025-09-09T14:11:49","modified_gmt":"2025-09-09T19:11:49","slug":"inicio","status":"publish","type":"page","link":"https:\/\/alcaldiasanmiguelito.gob.pa\/","title":{"rendered":"Inicio"},"content":{"rendered":"\n<div class=\"wp-block-columns alignfull gutenify-section-81743860-9c57-11ef-83b7-edbe8aad93a9 is-layout-flex wp-container-core-columns-is-layout-28f84493 wp-block-columns-is-layout-flex gtfy-8\">\n<div class=\"wp-block-column gutenify-section-82e55490-9c57-11ef-83b7-edbe8aad93a9 is-layout-flow wp-block-column-is-layout-flow gtfy-7\">\n\n<\/div>\n<\/div>\n\n\n\n<div class=\"wp-block-columns alignfull gutenify-section-7f920d70-92ec-11ef-b057-3da04c4ae75e is-layout-flex wp-container-core-columns-is-layout-5fd31530 wp-block-columns-is-layout-flex gtfy-51\" style=\"padding-right:10%;padding-left:10%\">\n<div class=\"wp-block-column gutenify-section-7f537dd0-92ec-11ef-b057-3da04c4ae75e is-layout-flow wp-block-column-is-layout-flow gtfy-50\" style=\"flex-basis:100%\">\n\n\n\n\n<style class=\"gtfy-49\">\n::-webkit-scrollbar {\n    display: none;\n}\n\n.modal-window {\nmargin-block-end: 0px !important; \n  position: fixed;\n  background-color: rgba(255, 255, 255, 0.5);\n  top: 0;\n  right: 0;\n  bottom: 0;\n  left: 0;\n  z-index: 999;\n  visibility: hidden;\n  opacity: 0;\n  pointer-events: none;\n  transition: all 0.3s;}\n .modal-window:target {\n    visibility: visible;\n    opacity: 1;\n    pointer-events: auto;\n  }\n.modal-card {\n    width: 400px;\n\tmax-width: 85% !important;\nmax-height: 85% !important;\n\tcolor: #ffffff;\n    position: absolute;\n    top: 50%;\n    left: 50%;\n    transform: translate(-50%, -50%);\n    padding-top: 2em;\n\tpadding-right: 2em;\n\tpadding-left: 2em;\n\tpadding-bottom: 1em;\n    background-image: linear-gradient(to right, #002F6C 0, #00A9E0 100%);\noverflow: scroll;\n}\n.modal-close {\n  color: #ffffff;\n  line-height: 50px;\n  font-size: 80%;\n  position: absolute;\n  right: 0;\n  text-align: center;\n  top: 0;\n  width: 70px;\n  text-decoration: none;\n}\n  .modal-close:hover {\n    color: #002F6C !important;\nfont-weight: bold;\n  }\n.modal-card {\n    border-radius: 1rem;\n\tline-height: normal;\n}\n.modal-window div:not(:last-of-type) {\n  margin-bottom: 15px;\n}\n.txt-modal-card{\n  color: white !important;\n\tmargin: 0px;\nmargin-bottom: 20px !important;\n}\n.container-modal{\n\ttext-align: center;\n\tmax-width: 100% !important;\n\twidth: 100% !important;\n  position: relative !important;\n}\n\n.modal-list{\n\ttext-align: left;\n\tline-height: normal;\nmargin-bottom: 20px !important;\n}\n.modal-btn{\n\ttransform: scale(0.5) !important;\n}\n<\/style>\n\n\n<div id=\"tramite-placa\" class=\"modal-window\">\n  <div class=\"modal-card\">\n    <a href=\"#btn-tramite-placa\" title=\"Close\" class=\"modal-close\">Cerrar<\/a>\n    <h5 class=\"txt-modal-card\">Requisitos para tr\u00e1mite de placa<\/h5>\n    <div class=\"modal-list\">\n      <ul>\n        <li>Revisado actualizado del veh\u00edculo.<\/li>\n        <li>Registro vehicular.<\/li>\n        <li>C\u00e9dula.<\/li>\n        <li>Carta notariada con copia de c\u00e9dula del propietario (en el caso de no ser el propietario del veh\u00edculo).<\/li>\n      <\/ul>\n      <\/div>\n  <\/div>\n<\/div>\n\n\n<div id=\"permiso-construccion\" class=\"modal-window\">\n  <div class=\"modal-card\">\n    <a href=\"#btn-permiso-construccion\" title=\"Close\" class=\"modal-close\">Cerrar<\/a>\n    <h5 class=\"txt-modal-card\">Requisitos para la solicitud de permiso de construcci\u00f3n con planos aprobados o provisionales<\/h5>\n    <div class=\"modal-list\">\n      <ul>\n        <li>Memorial (nota) a la Ingeniera Astrid Chanis (directora de Ingenier\u00eda Municipal) en el que debe especificar el costo de la obra, ubicaci\u00f3n del lote, registro de propiedad (finca, tomo, folio o su equivalente), nombre del due\u00f1o de la construcci\u00f3n y del propietario del terreno en el que ha de edificar. Esta solicitud deber\u00e1 estar refrendada y sellada por el responsable t\u00e9cnico de la obra, con su direcci\u00f3n, n\u00famero de tel\u00e9fono y copia de c\u00e9dula. Si el presupuesto supera los 10,001.00 se realizar\u00e1 una inspecci\u00f3n previa.<\/li>\n        <li>Copia de c\u00e9dula y paz y salvo municipal del id\u00f3neo que sella el memorial y los planos.<\/li>\n        <li>Si es el permiso de construcci\u00f3n final, debe presentar permisos de bomberos y salud.<\/li>\n        <li>Certificaci\u00f3n de registro p\u00fablico de la finca o escritura de la propiedad.<\/li>\n        <li>Firmar\u00e1n el memorial quienes figuren en la escritura de la propiedad, adjuntar\u00e1n copias de c\u00e9dula y paz y salvo.<\/li>\n        <li>Copia de resoluci\u00f3n de la junta t\u00e9cnica, en el caso de que el solicitante sea una empresa constructora.<\/li>\n        <li>Adjuntar copias del plano aprobado, el cu\u00e1l se utilizar\u00e1 para la ejecuci\u00f3n de la obra.<\/li>\n      <\/ul>\n      <\/div>\n  <\/div>\n<\/div>\n\n\n<div id=\"tramite-negocio\" class=\"modal-window\">\n  <div class=\"modal-card\">\n    <a href=\"#btn-tramite-negocio\" title=\"Close\" class=\"modal-close\">Cerrar<\/a>\n    <h5 class=\"txt-modal-card\">Requisitos para la inscripci\u00f3n de persona natural<\/h5>\n    <div class=\"modal-list\">\n      <ul>\n        <li>Solicitud de Inscripci\u00f3n.<\/li>\n        <li>Copia de Aviso de Operaciones firmado por el representante legal y tramitador. <\/li>\n        <li>Copia de c\u00e9dula del propietario. *<\/li>\n        <li>Certificado de Propiedad, contrato de arrendamiento, derecho posesorio o cualquier documento oficial que de fe del uso del inmueble. **<\/li>\n        <li>Foto de la fachada del local.<\/li>\n        <li>Tarjeta de Fumigaci\u00f3n. <\/li>\n        <li>Ubicaci\u00f3n del establecimiento comercial.<\/li>\n      <\/ul>\n<p>* Si no realiza el tr\u00e1mite el representante legal, debe aportarse autorizaci\u00f3n y copia de c\u00e9dula del autorizado.<\/p><br\/>\n<p>** En caso de no ser el titular del derecho (propietario) debe aportar autorizaci\u00f3n firmada por el propietario y copia de cedula.<\/p>\n      <\/div>\n  <\/div>\n<\/div>\n<\/div>\n<\/div>\n\n\n\n<div class=\"wp-block-columns alignwide is-layout-flex wp-container-core-columns-is-layout-28f84493 wp-block-columns-is-layout-flex gtfy-65\">\n<div class=\"wp-block-column is-layout-flow wp-block-column-is-layout-flow gtfy-64\">\n\n\n<div class=\"wp-block-columns are-vertically-aligned-center is-layout-flex wp-container-core-columns-is-layout-28f84493 wp-block-columns-is-layout-flex gtfy-62\">\n<div class=\"wp-block-column is-vertically-aligned-center is-layout-flow wp-block-column-is-layout-flow gtfy-58\" style=\"flex-basis:5%\">\n<div class=\"wp-block-outermost-icon-block items-justified-right gtfy-57\"><div class=\"icon-container has-icon-color\" style=\"color:#002f6c;width:48px;transform:rotate(0deg) scaleX(1) scaleY(1)\"><svg xmlns=\"http:\/\/www.w3.org\/2000\/svg\" width=\"16\" height=\"16\" fill=\"currentColor\" class=\"bi bi-whatsapp\" viewBox=\"0 0 16 16\"><path d=\"M13.601 2.326A7.85 7.85 0 0 0 7.994 0C3.627 0 .068 3.558.064 7.926c0 1.399.366 2.76 1.057 3.965L0 16l4.204-1.102a7.9 7.9 0 0 0 3.79.965h.004c4.368 0 7.926-3.558 7.93-7.93A7.9 7.9 0 0 0 13.6 2.326zM7.994 14.521a6.6 6.6 0 0 1-3.356-.92l-.24-.144-2.494.654.666-2.433-.156-.251a6.56 6.56 0 0 1-1.007-3.505c0-3.626 2.957-6.584 6.591-6.584a6.56 6.56 0 0 1 4.66 1.931 6.56 6.56 0 0 1 1.928 4.66c-.004 3.639-2.961 6.592-6.592 6.592m3.615-4.934c-.197-.099-1.17-.578-1.353-.646-.182-.065-.315-.099-.445.099-.133.197-.513.646-.627.775-.114.133-.232.148-.43.05-.197-.1-.836-.308-1.592-.985-.59-.525-.985-1.175-1.103-1.372-.114-.198-.011-.304.088-.403.087-.088.197-.232.296-.346.1-.114.133-.198.198-.33.065-.134.034-.248-.015-.347-.05-.099-.445-1.076-.612-1.47-.16-.389-.323-.335-.445-.34-.114-.007-.247-.007-.38-.007a.73.73 0 0 0-.529.247c-.182.198-.691.677-.691 1.654s.71 1.916.81 2.049c.098.133 1.394 2.132 3.383 2.992.47.205.84.326 1.129.418.475.152.904.129 1.246.08.38-.058 1.171-.48 1.338-.943.164-.464.164-.86.114-.943-.049-.084-.182-.133-.38-.232\"><\/path><\/svg><\/div><\/div>\n<\/div>\n\n\n\n<div class=\"wp-block-column is-vertically-aligned-center is-layout-flow wp-block-column-is-layout-flow gtfy-60\" style=\"flex-basis:60%\">\n<h5 class=\"wp-block-heading has-text-color has-link-color wp-elements-b9df3bff783e71dbe663be2a63f35379 gtfy-59\" style=\"color:#002f6c\">Haz clic sobre tu corregimiento para acceder a la comunidad de WhatsApp.<\/h5>\n<\/div>\n\n\n\n<div class=\"wp-block-column is-vertically-aligned-center is-layout-flow wp-block-column-is-layout-flow gtfy-61\" style=\"flex-basis:5%\"><\/div>\n<\/div>\n\n\n\n<img decoding=\"async\" data-aos-anchor-placement=\"top-bottom\" data-aos-duration=\"1000\" data-aos=\"zoom-in\" class=\"map-picture gtfy-63\" src=\"https:\/\/alcaldiasanmiguelito.gob.pa\/wp-content\/uploads\/2025\/02\/ASM-MAPAS_SM_Full_Azul-Leyenda.png\" usemap=\"#image-map\">\n\n<map class=\"map-picture\" name=\"image-map\">\n    <area target=\"_blank\" alt=\"Omar Torrijos\" title=\"Omar Torrijos\" href=\"https:\/\/chat.whatsapp.com\/DA84kH5QwjxKFOEtyQAw5c\" coords=\"87,516,194,613,263,675,324,733,386,736,469,738,551,743,608,739,639,735,652,740,664,735,668,750,698,735,717,735,724,726,715,715,725,701,744,709,744,723,756,733,754,713,724,665,719,643,720,591,722,572,715,541,720,523,732,513,759,509,768,496,776,479,788,469,800,458,831,409,831,397,802,365,783,337,798,316,812,309,817,329,822,343,834,343,847,319,831,306,851,292,837,275,810,275,795,291,775,275,766,292,749,277,730,274,736,265,720,236,707,214,676,207,673,218,658,214,649,224,635,231,632,241,619,248,617,258,596,253,574,260,569,272,569,280,544,279,530,306,513,328,481,368,464,396,454,433,456,457,444,469,429,467,412,479,396,472,384,463,357,470,347,485,315,492,279,499,259,518,256,531,242,545,225,541,208,526,193,526,174,519,162,533,147,530,132,541,125,528,106,530\" shape=\"poly\">\n    <area target=\"_blank\" alt=\"Amelia Denis de Icaza\" title=\"Amelia Denis de Icaza\" href=\"https:\/\/chat.whatsapp.com\/Ft8LQWFlgw9EWuJ97aiaCu\" coords=\"337,743,546,748,615,748,642,751,656,749,664,760,700,744,724,744,730,732,727,712,741,738,754,743,749,758,764,760,771,744,792,734,790,707,790,690,810,688,829,687,839,700,851,710,873,714,880,751,885,766,888,785,893,802,903,802,912,805,903,819,897,829,907,832,914,844,912,856,900,860,892,870,885,848,864,851,851,851,846,839,822,838,808,843,808,856,812,871,792,874,775,877,758,873,744,866,739,851,734,840,702,844,690,830,671,827,652,849,659,885,666,909,652,916,649,946,637,917,622,910,608,898,578,901,554,924,537,922,520,922,503,897,500,880,471,875,452,840\" shape=\"poly\">\n    <area target=\"_blank\" alt=\"Victoriano Lorenzo\" title=\"Victoriano Lorenzo\" href=\"https:\/\/chat.whatsapp.com\/Gbu8Fbhwzvp5ggJ04lWjUU\" coords=\"931,1044,907,1037,876,1044,849,1042,805,1044,788,1030,769,979,754,1007,744,1027,724,1046,705,1044,708,1022,703,1007,690,996,669,996,654,979,666,973,664,959,656,949,663,942,656,925,673,917,671,895,668,868,664,845,683,839,686,852,725,849,730,864,729,874,764,886,783,886,822,881,817,847,837,847,837,861,856,861,853,891,847,910,831,910,836,935,827,969,866,973,907,988,927,998,948,998\" shape=\"poly\">\n    <area target=\"_blank\" alt=\"Mateo Iturralde\" title=\"Mateo Iturralde\" href=\"https:\/\/chat.whatsapp.com\/LveomK7sNRXLPIQmT241YJ\" coords=\"839,961,847,930,842,917,854,918,858,898,864,883,870,868,868,857,880,857,880,871,893,878,905,868,924,862,941,866,954,852,971,847,985,854,1002,844,1009,862,1017,875,998,877,998,884,988,893,985,922,988,946,995,966,971,983,948,991,914,981,880,967,858,964\" shape=\"poly\">\n    <area target=\"_blank\" alt=\"Belisario Porras\" title=\"Belisario Porras\" href=\"https:\/\/chat.whatsapp.com\/HK3ES1r559n4Zy1aH4HDWY\" coords=\"875,449,829,428,812,455,800,470,788,479,781,491,773,506,770,521,736,521,727,538,732,567,733,596,729,647,741,675,753,694,766,719,767,737,784,727,781,696,790,679,828,677,858,700,882,706,889,754,905,758,919,764,924,787,943,782,965,767,985,764,981,743,993,740,1002,753,1015,758,1026,743,1036,736,1026,723,1032,706,1024,690,1035,676,1052,662,1039,645,1049,631,1063,621,1048,619,1058,601,1026,616,1012,606,1020,591,1005,574,995,548,983,533,970,509,960,490,967,466,926,480\" shape=\"poly\">\n    <area target=\"_blank\" alt=\"Belisario Fr\u00edas\" title=\"Belisario Fr\u00edas\" href=\"https:\/\/chat.whatsapp.com\/CvmQ3uxRq4cLJErFlCLHVd\" coords=\"923,466,943,466,957,446,980,459,987,429,974,409,994,385,1007,365,1038,354,1062,351,1092,327,1130,314,1157,297,1214,212,1143,168,1116,100,1143,90,1164,73,1164,46,1133,43,1109,33,1130,63,1102,77,1062,70,1031,77,1011,56,1004,84,984,94,1001,107,967,117,940,124,957,168,929,175,929,202,896,216,892,246,879,270,848,266,865,297,845,310,858,321,834,358,814,344,807,321,797,337,828,375,848,395,834,419,875,439\" shape=\"poly\">\n    <area target=\"_blank\" alt=\"Arnulfo Arias\" title=\"Arnulfo Arias\" href=\"https:\/\/chat.whatsapp.com\/K5W63nBmIReLAiDjVxGq0h\" coords=\"1218,333,1235,346,1272,343,1303,343,1326,346,1316,374,1303,391,1306,414,1289,441,1306,462,1306,492,1262,502,1235,492,1218,495,1194,509,1160,506,1136,495,1099,489,1086,509,1082,546,1072,567,1069,594,1052,583,1028,604,1028,583,1004,546,980,509,974,482,997,458,1001,428,991,407,1014,377,1038,367,1062,367,1086,350,1109,333,1160,313,1214,235\" shape=\"poly\">\n    <area target=\"_blank\" alt=\"Jos\u00e9 Domingo Espinar\" title=\"Jos\u00e9 Domingo Espinar\" href=\"https:\/\/chat.whatsapp.com\/FgGlVW83IiU37YIcdVAIBt\" coords=\"1188,843,1005,958,995,921,1012,887,1022,901,1029,874,1019,853,1015,830,985,843,961,836,941,853,927,850,917,816,920,803,900,789,897,765,907,775,924,803,964,782,981,775,998,762,1019,769,1046,742,1039,698,1063,664,1056,647,1080,620,1087,576,1097,545,1100,501,1127,505,1161,515,1198,522,1236,502,1266,509,1307,498,1314,518,1344,511,1351,488,1382,471,1409,501,1446,511,1460,586,1480,681,1321,748\" shape=\"poly\">\n    <area target=\"_blank\" alt=\"Rufina Alfaro\" title=\"Rufina Alfaro\" href=\"https:\/\/chat.whatsapp.com\/KLQqfdfG8rfKjHFRPYVH4b\" coords=\"1489,677,1547,664,1666,647,1720,630,1784,603,1794,573,1784,552,1801,529,1818,539,1831,501,1835,430,1852,410,1842,403,1811,410,1811,366,1835,346,1818,339,1801,356,1778,352,1770,287,1750,257,1730,206,1696,175,1689,159,1642,183,1601,179,1564,190,1550,206,1489,196,1486,173,1527,179,1533,166,1499,152,1462,166,1418,149,1404,129,1428,122,1374,102,1340,95,1323,115,1309,81,1333,64,1275,58,1248,71,1214,75,1187,85,1160,101,1130,108,1150,163,1225,210,1225,278,1231,332,1272,335,1309,328,1337,342,1337,366,1320,393,1320,416,1306,437,1320,464,1316,500,1333,504,1337,477,1360,464,1387,464,1411,491,1459,504,1465,586\" shape=\"poly\">\n<\/map>\n\n<script src=\"https:\/\/ajax.googleapis.com\/ajax\/libs\/jquery\/1.10.2\/jquery.min.js\"><\/script>\n<script src=\"https:\/\/mattstow.com\/experiment\/responsive-image-maps\/jquery.rwdImageMaps.min.js\"><\/script>\n<script>$('img[usemap]').rwdImageMaps();<\/script>\n\n<script src=\"https:\/\/ajax.googleapis.com\/ajax\/libs\/jquery\/3.7.1\/jquery.min.js\"><\/script>\n<script src=\"https:\/\/raw.githubusercontent.com\/davidjbradshaw\/imagemap-resizer\/master\/js\/imageMapResizer.map\"><\/script>\n<script src=\"https:\/\/raw.githubusercontent.com\/davidjbradshaw\/imagemap-resizer\/master\/js\/imageMapResizer.min.js\"><\/script>\n<script> imageMapResize();<\/script>\n<\/div>\n<\/div>\n\n\n\n<div class=\"wp-block-columns alignfull gutenify-section-2cad7d80-930d-11ef-bfd1-79b66f933040 is-layout-flex wp-container-core-columns-is-layout-d8c5a5b8 wp-block-columns-is-layout-flex gtfy-73\" style=\"padding-top:3%;padding-right:10%;padding-left:10%\">\n<div class=\"wp-block-column text-color-ASM gutenify-section-2e937b90-930d-11ef-bfd1-79b66f933040 has-text-color has-link-color wp-elements-c8dab97f3cbea9400418db65ae7f8410 is-layout-flow wp-container-core-column-is-layout-40a3ce07 wp-block-column-is-layout-flow gtfy-72\" style=\"color:#002f6c;padding-top:0px;padding-right:0px;padding-bottom:0px;padding-left:0px;flex-basis:100%\">\n\n<div data-aos-duration=\"1000\" data-aos=\"zoom-in\" class=\"gutenify-post-carousel-layout-1 text-color-ASM wp-block-gutenify-post-carousel gtfy-71 swiper\"><div class=\"swiper-wrapper\"><div class=\"gutenify-post-carousel-item gutenify-post-carousel-item-wrapper swiper-slide \"><div class=\"gutenify-post-carousel-item-inner-wrapper \"><div class=\"gutenify-post-carousel-thumb\">\n\t\t\t\t\t\t<a class=\"image-hover-zoom\" href=\"https:\/\/alcaldiasanmiguelito.gob.pa\/?p=2809\">\n\t\t\t\t\t\t\t<img decoding=\"async\" src=\"https:\/\/alcaldiasanmiguelito.gob.pa\/wp-content\/uploads\/2025\/12\/DSC01061-e1767015815509.jpg\" \/>\n\t\t\t\t\t\t<\/a>\n\t\t\t\t\t<\/div><div class=\"gutenify-post-carousel-text-content \"><h3 class=\"gutenify-post-carousel-title\"><a href=\"https:\/\/alcaldiasanmiguelito.gob.pa\/?p=2809\" rel=\"bookmark\">SAN MIGUELITO CELEBR\u00d3 EL DESFILE DE NAVIDAD 2025 CON ALEGR\u00cdA Y SANA CONVIVENCIA<\/a><\/h3> <div class=\"gutenify-post-carousel-meta\"><span class=\"posted-on\"><time datetime=\"2025-12-21T13:13:14-05:00\" class=\"gutenify-posts-date\">21\/12\/2025<\/time><\/span><span class=\"byline\"><a href=\"https:\/\/alcaldiasanmiguelito.gob.pa\/?author=20\" rel=\"author\">Magdiel Giehart<\/a><\/span><span class=\"cat-links\"><a href=\"https:\/\/alcaldiasanmiguelito.gob.pa\/?cat=29\" rel=\"category\">2025<\/a> <\/span><\/div><div class=\"entry-summary\"><p>San Miguelito, 21 de diciembre de 2025.&nbsp; El distrito de San Miguelito &hellip; <\/p><a href=\"https:\/\/alcaldiasanmiguelito.gob.pa\/?p=2809\" class=\"more-link\"><span class=\"more-button\">Leer m\u00e1s<span class=\"screen-reader-text\">SAN MIGUELITO CELEBR\u00d3 EL DESFILE DE NAVIDAD 2025 CON ALEGR\u00cdA Y SANA CONVIVENCIA<\/span><\/span><\/a><\/div><\/div><\/div><\/div><div class=\"gutenify-post-carousel-item gutenify-post-carousel-item-wrapper swiper-slide \"><div class=\"gutenify-post-carousel-item-inner-wrapper \"><div class=\"gutenify-post-carousel-thumb\">\n\t\t\t\t\t\t<a class=\"image-hover-zoom\" href=\"https:\/\/alcaldiasanmiguelito.gob.pa\/?p=2792\">\n\t\t\t\t\t\t\t<img decoding=\"async\" src=\"https:\/\/alcaldiasanmiguelito.gob.pa\/wp-content\/uploads\/2025\/12\/FUJI4263.jpg\" \/>\n\t\t\t\t\t\t<\/a>\n\t\t\t\t\t<\/div><div class=\"gutenify-post-carousel-text-content \"><h3 class=\"gutenify-post-carousel-title\"><a href=\"https:\/\/alcaldiasanmiguelito.gob.pa\/?p=2792\" rel=\"bookmark\">INICIA LA NAVIDAD EN EL DISTRITO DE SAN MIGUELITO CON EL ENCENDIDO DEL ABROLITO EN LOS ANDES<\/a><\/h3> <div class=\"gutenify-post-carousel-meta\"><span class=\"posted-on\"><time datetime=\"2025-12-11T15:09:28-05:00\" class=\"gutenify-posts-date\">11\/12\/2025<\/time><\/span><span class=\"byline\"><a href=\"https:\/\/alcaldiasanmiguelito.gob.pa\/?author=20\" rel=\"author\">Magdiel Giehart<\/a><\/span><span class=\"cat-links\"><a href=\"https:\/\/alcaldiasanmiguelito.gob.pa\/?cat=29\" rel=\"category\">2025<\/a> <\/span><\/div><div class=\"entry-summary\"><p>San\u00a0Miguelito,\u00a011\u00a0de\u00a0diciembre\u00a0de 2025.\u00a0\u00a0 La Alcald\u00eda de San Miguelito realiz\u00f3 con \u00e9xito el encendido &hellip; <\/p><a href=\"https:\/\/alcaldiasanmiguelito.gob.pa\/?p=2792\" class=\"more-link\"><span class=\"more-button\">Leer m\u00e1s<span class=\"screen-reader-text\">INICIA LA NAVIDAD EN EL DISTRITO DE SAN MIGUELITO CON EL ENCENDIDO DEL ABROLITO EN LOS ANDES<\/span><\/span><\/a><\/div><\/div><\/div><\/div><div class=\"gutenify-post-carousel-item gutenify-post-carousel-item-wrapper swiper-slide \"><div class=\"gutenify-post-carousel-item-inner-wrapper \"><div class=\"gutenify-post-carousel-thumb\">\n\t\t\t\t\t\t<a class=\"image-hover-zoom\" href=\"https:\/\/alcaldiasanmiguelito.gob.pa\/?p=2779\">\n\t\t\t\t\t\t\t<img decoding=\"async\" src=\"https:\/\/alcaldiasanmiguelito.gob.pa\/wp-content\/uploads\/2025\/12\/FUJI1081.jpg\" \/>\n\t\t\t\t\t\t<\/a>\n\t\t\t\t\t<\/div><div class=\"gutenify-post-carousel-text-content \"><h3 class=\"gutenify-post-carousel-title\"><a href=\"https:\/\/alcaldiasanmiguelito.gob.pa\/?p=2779\" rel=\"bookmark\">SAN MIGUELITO INAUGURA SU PRIMERA ACADEMIA DE FUTSAL GRATUITA EN SANTA LIBRADA\u00a0<\/a><\/h3> <div class=\"gutenify-post-carousel-meta\"><span class=\"posted-on\"><time datetime=\"2025-11-19T10:48:49-05:00\" class=\"gutenify-posts-date\">19\/11\/2025<\/time><\/span><span class=\"byline\"><a href=\"https:\/\/alcaldiasanmiguelito.gob.pa\/?author=20\" rel=\"author\">Magdiel Giehart<\/a><\/span><span class=\"cat-links\"><a href=\"https:\/\/alcaldiasanmiguelito.gob.pa\/?cat=29\" rel=\"category\">2025<\/a> <\/span><\/div><div class=\"entry-summary\"><p>San\u00a0Miguelito,\u00a019\u00a0de\u00a0noviembre\u00a0de 2025.\u00a0\u00a0 La Alcald\u00eda de San Miguelito inaugur\u00f3 la&nbsp;primera Academia de Futsal &hellip; <\/p><a href=\"https:\/\/alcaldiasanmiguelito.gob.pa\/?p=2779\" class=\"more-link\"><span class=\"more-button\">Leer m\u00e1s<span class=\"screen-reader-text\">SAN MIGUELITO INAUGURA SU PRIMERA ACADEMIA DE FUTSAL GRATUITA EN SANTA LIBRADA\u00a0<\/span><\/span><\/a><\/div><\/div><\/div><\/div><div class=\"gutenify-post-carousel-item gutenify-post-carousel-item-wrapper swiper-slide \"><div class=\"gutenify-post-carousel-item-inner-wrapper \"><div class=\"gutenify-post-carousel-thumb\">\n\t\t\t\t\t\t<a class=\"image-hover-zoom\" href=\"https:\/\/alcaldiasanmiguelito.gob.pa\/?p=2754\">\n\t\t\t\t\t\t\t<img decoding=\"async\" src=\"https:\/\/alcaldiasanmiguelito.gob.pa\/wp-content\/uploads\/2025\/12\/FUJI1330.jpg\" \/>\n\t\t\t\t\t\t<\/a>\n\t\t\t\t\t<\/div><div class=\"gutenify-post-carousel-text-content \"><h3 class=\"gutenify-post-carousel-title\"><a href=\"https:\/\/alcaldiasanmiguelito.gob.pa\/?p=2754\" rel=\"bookmark\">ALCALD\u00cdA DE SAN MIGUELITO INAUGURA NUEVA SUCURSAL DE ATENCI\u00d3N AL CONTRIBUYENTE EN METROMALL.<\/a><\/h3> <div class=\"gutenify-post-carousel-meta\"><span class=\"posted-on\"><time datetime=\"2025-11-17T18:00:00-05:00\" class=\"gutenify-posts-date\">17\/11\/2025<\/time><\/span><span class=\"byline\"><a href=\"https:\/\/alcaldiasanmiguelito.gob.pa\/?author=20\" rel=\"author\">Magdiel Giehart<\/a><\/span><span class=\"cat-links\"><a href=\"https:\/\/alcaldiasanmiguelito.gob.pa\/?cat=29\" rel=\"category\">2025<\/a> <\/span><\/div><div class=\"entry-summary\"><p>San&nbsp;Miguelito,&nbsp;17&nbsp;de&nbsp;noviembre&nbsp;de 2025.&nbsp;&nbsp; La Alcald\u00eda de San Miguelito anunci\u00f3 la apertura de su &hellip; <\/p><a href=\"https:\/\/alcaldiasanmiguelito.gob.pa\/?p=2754\" class=\"more-link\"><span class=\"more-button\">Leer m\u00e1s<span class=\"screen-reader-text\">ALCALD\u00cdA DE SAN MIGUELITO INAUGURA NUEVA SUCURSAL DE ATENCI\u00d3N AL CONTRIBUYENTE EN METROMALL.<\/span><\/span><\/a><\/div><\/div><\/div><\/div><div class=\"gutenify-post-carousel-item gutenify-post-carousel-item-wrapper swiper-slide \"><div class=\"gutenify-post-carousel-item-inner-wrapper \"><div class=\"gutenify-post-carousel-thumb\">\n\t\t\t\t\t\t<a class=\"image-hover-zoom\" href=\"https:\/\/alcaldiasanmiguelito.gob.pa\/?p=2743\">\n\t\t\t\t\t\t\t<img decoding=\"async\" src=\"https:\/\/alcaldiasanmiguelito.gob.pa\/wp-content\/uploads\/2025\/12\/FUJI0564.jpg\" \/>\n\t\t\t\t\t\t<\/a>\n\t\t\t\t\t<\/div><div class=\"gutenify-post-carousel-text-content \"><h3 class=\"gutenify-post-carousel-title\"><a href=\"https:\/\/alcaldiasanmiguelito.gob.pa\/?p=2743\" rel=\"bookmark\">LANZAMIENTO DE MISION LIMPIEZA\u00a0\u00a0<\/a><\/h3> <div class=\"gutenify-post-carousel-meta\"><span class=\"posted-on\"><time datetime=\"2025-11-17T15:02:12-05:00\" class=\"gutenify-posts-date\">17\/11\/2025<\/time><\/span><span class=\"byline\"><a href=\"https:\/\/alcaldiasanmiguelito.gob.pa\/?author=20\" rel=\"author\">Magdiel Giehart<\/a><\/span><span class=\"cat-links\"><a href=\"https:\/\/alcaldiasanmiguelito.gob.pa\/?cat=29\" rel=\"category\">2025<\/a> <\/span><\/div><div class=\"entry-summary\"><p>San&nbsp;Miguelito,&nbsp;17&nbsp;de&nbsp;noviembre&nbsp;de 2025.&nbsp;&nbsp; La Alcald\u00eda de San Miguelito en una conferencia de prensa &hellip; <\/p><a href=\"https:\/\/alcaldiasanmiguelito.gob.pa\/?p=2743\" class=\"more-link\"><span class=\"more-button\">Leer m\u00e1s<span class=\"screen-reader-text\">LANZAMIENTO DE MISION LIMPIEZA\u00a0\u00a0<\/span><\/span><\/a><\/div><\/div><\/div><\/div><div class=\"gutenify-post-carousel-item gutenify-post-carousel-item-wrapper swiper-slide \"><div class=\"gutenify-post-carousel-item-inner-wrapper \"><div class=\"gutenify-post-carousel-thumb\">\n\t\t\t\t\t\t<a class=\"image-hover-zoom\" href=\"https:\/\/alcaldiasanmiguelito.gob.pa\/?p=2637\">\n\t\t\t\t\t\t\t<img decoding=\"async\" src=\"https:\/\/alcaldiasanmiguelito.gob.pa\/wp-content\/uploads\/2025\/11\/STO0911-4.jpg\" \/>\n\t\t\t\t\t\t<\/a>\n\t\t\t\t\t<\/div><div class=\"gutenify-post-carousel-text-content \"><h3 class=\"gutenify-post-carousel-title\"><a href=\"https:\/\/alcaldiasanmiguelito.gob.pa\/?p=2637\" rel=\"bookmark\">SAN MIGUELITO CELEBRA CON ORGULLO EL GRITO DE INDEPENDENCIA DESDE EL CORREGIMIENTO DE RUFINA ALFARO\u00a0<\/a><\/h3> <div class=\"gutenify-post-carousel-meta\"><span class=\"posted-on\"><time datetime=\"2025-11-10T09:56:08-05:00\" class=\"gutenify-posts-date\">10\/11\/2025<\/time><\/span><span class=\"byline\"><a href=\"https:\/\/alcaldiasanmiguelito.gob.pa\/?author=20\" rel=\"author\">Magdiel Giehart<\/a><\/span><span class=\"cat-links\"><a href=\"https:\/\/alcaldiasanmiguelito.gob.pa\/?cat=29\" rel=\"category\">2025<\/a> <\/span><\/div><div class=\"entry-summary\"><p>San Miguelito, 10 de noviembre de 2025.&nbsp;&nbsp; La Alcald\u00eda de San Miguelito &hellip; <\/p><a href=\"https:\/\/alcaldiasanmiguelito.gob.pa\/?p=2637\" class=\"more-link\"><span class=\"more-button\">Leer m\u00e1s<span class=\"screen-reader-text\">SAN MIGUELITO CELEBRA CON ORGULLO EL GRITO DE INDEPENDENCIA DESDE EL CORREGIMIENTO DE RUFINA ALFARO\u00a0<\/span><\/span><\/a><\/div><\/div><\/div><\/div><\/div><div class=\"navigation-wrap\">\n\t\t\t\t<div class=\"swiper-button-prev\"><\/div>\n\t\t\t\t<div class=\"swiper-button-next\"><\/div>\n\t\t\t<\/div><div class=\"swiper-pagination\"><\/div><\/div><\/div>\n<\/div>\n\n\n\n<div class=\"wp-block-columns alignfull gutenify-section-4695c670-9539-11ef-a4c6-27f85cdad135 is-layout-flex wp-container-core-columns-is-layout-5fd31530 wp-block-columns-is-layout-flex gtfy-86\" style=\"padding-right:10%;padding-left:10%\">\n<div class=\"wp-block-column gutenify-section-47cd3500-9539-11ef-a4c6-27f85cdad135 is-layout-flow wp-block-column-is-layout-flow gtfy-85\">\n\n\n<p class=\"gutenify-section-9760c230-9539-11ef-a4c6-27f85cdad135 gtfy-79\"><\/p>\n\n\n\n<div class=\"wp-block-columns is-layout-flex wp-container-core-columns-is-layout-28f84493 wp-block-columns-is-layout-flex gtfy-84\">\n<div data-aos-duration=\"1000\" data-aos=\"slide-right\" class=\"wp-block-column is-vertically-aligned-center is-layout-flow wp-container-core-column-is-layout-92c44e9e wp-block-column-is-layout-flow gtfy-81\" style=\"padding-top:0;padding-bottom:0;flex-basis:33.33%\"><\/div>\n\n\n\n<div class=\"wp-block-column is-vertically-aligned-center txt_asm_justify is-layout-flow wp-block-column-is-layout-flow gtfy-83\" style=\"padding-top:var(--wp--preset--spacing--30);padding-bottom:var(--wp--preset--spacing--30);font-size:clamp(14px, 0.875rem + ((1vw - 3.2px) * 0.469), 20px);flex-basis:66.66%\">\n<p class=\"has-black-color has-text-color has-link-color wp-elements-ef010017893858af81fc51af7e3ff697 gtfy-82\"><strong>La Alcald\u00eda de San Miguelito<\/strong>, situada en uno de los distritos m\u00e1s poblados de la Provincia de Panam\u00e1, es una instituci\u00f3n clave en la administraci\u00f3n y desarrollo de esta regi\u00f3n. Este distrito, que se caracteriza por su diversidad cultural y socioecon\u00f3mica, enfrenta desaf\u00edos urbanos importantes debido al crecimiento acelerado, la urbanizaci\u00f3n y la concentraci\u00f3n de habitantes en \u00e1reas residenciales y comerciales.<br>La Alcald\u00eda de San Miguelito se centra en promover proyectos de infraestructura, seguridad y servicios p\u00fablicos. Esto incluye iniciativas de mejora de calles y aceras, gesti\u00f3n de desechos, y construcci\u00f3n de parques y \u00e1reas recreativas para mejorar la calidad de vida de sus habitantes.&nbsp;<\/p>\n<\/div>\n<\/div>\n<\/div>\n<\/div>\n\n\n\n<p class=\"gutenify-section-890c64a0-9539-11ef-a4c6-27f85cdad135 gtfy-89\"><\/p>\n\n\n\n<p class=\"gutenify-section-9814b870-9c56-11ef-83b7-edbe8aad93a9 gtfy-92\"><\/p>\n\n\n\n<p class=\"gutenify-section-9cf512c0-bbbb-11ef-9a61-e56b8fd4f37f gtfy-95\"><\/p>\n\n\n\n<p class=\"gtfy-98\"><\/p>\n","protected":false},"excerpt":{"rendered":"<p>Cerrar Requisitos para tr\u00e1mite de placa Revisado actualizado del veh\u00edculo. Registro vehicular. C\u00e9dula. Carta notariada con copia de c\u00e9dula del propietario (en el caso de no ser el propietario del veh\u00edculo). Cerrar Requisitos para la solicitud de permiso de construcci\u00f3n con planos aprobados o provisionales Memorial (nota) a la Ingeniera Astrid Chanis (directora de Ingenier\u00eda [&hellip;]<\/p>\n","protected":false},"author":1,"featured_media":0,"parent":0,"menu_order":0,"comment_status":"closed","ping_status":"closed","template":"","meta":{"inline_featured_image":false,"footnotes":""},"class_list":["post-197","page","type-page","status-publish","hentry"],"blocksy_meta":[],"_links":{"self":[{"href":"https:\/\/alcaldiasanmiguelito.gob.pa\/index.php?rest_route=\/wp\/v2\/pages\/197","targetHints":{"allow":["GET"]}}],"collection":[{"href":"https:\/\/alcaldiasanmiguelito.gob.pa\/index.php?rest_route=\/wp\/v2\/pages"}],"about":[{"href":"https:\/\/alcaldiasanmiguelito.gob.pa\/index.php?rest_route=\/wp\/v2\/types\/page"}],"author":[{"embeddable":true,"href":"https:\/\/alcaldiasanmiguelito.gob.pa\/index.php?rest_route=\/wp\/v2\/users\/1"}],"replies":[{"embeddable":true,"href":"https:\/\/alcaldiasanmiguelito.gob.pa\/index.php?rest_route=%2Fwp%2Fv2%2Fcomments&post=197"}],"version-history":[{"count":280,"href":"https:\/\/alcaldiasanmiguelito.gob.pa\/index.php?rest_route=\/wp\/v2\/pages\/197\/revisions"}],"predecessor-version":[{"id":2296,"href":"https:\/\/alcaldiasanmiguelito.gob.pa\/index.php?rest_route=\/wp\/v2\/pages\/197\/revisions\/2296"}],"wp:attachment":[{"href":"https:\/\/alcaldiasanmiguelito.gob.pa\/index.php?rest_route=%2Fwp%2Fv2%2Fmedia&parent=197"}],"curies":[{"name":"wp","href":"https:\/\/api.w.org\/{rel}","templated":true}]}}